{"id":785,"date":"2023-07-25T18:36:46","date_gmt":"2023-07-25T18:36:46","guid":{"rendered":"http:\/\/lacreativacasadearte.es\/?page_id=785"},"modified":"2026-08-20T21:07:19","modified_gmt":"2026-08-20T21:07:19","slug":"quien-esta-detras-de-la-creativa","status":"publish","type":"page","link":"https:\/\/lacreativacasadearte.es\/?page_id=785","title":{"rendered":"\u00bfQui\u00e9n se encuentra detr\u00e1s de La Creativa?"},"content":{"rendered":"<div class=\"wp-block-image\">\n<figure class=\"aligncenter size-full is-resized\"><img loading=\"lazy\" decoding=\"async\" width=\"768\" height=\"1024\" src=\"https:\/\/lacreativacasadearte.es\/wp-content\/uploads\/2023\/07\/YO.jpeg\" alt=\"\" class=\"wp-image-786\" style=\"width:411px;height:547px\" srcset=\"https:\/\/lacreativacasadearte.es\/wp-content\/uploads\/2023\/07\/YO.jpeg 768w, https:\/\/lacreativacasadearte.es\/wp-content\/uploads\/2023\/07\/YO-225x300.jpeg 225w\" sizes=\"auto, (max-width: 768px) 100vw, 768px\" \/><\/figure>\n<\/div>\n\n\n<p class=\"wp-block-paragraph\">Me llamo Irene Garc\u00eda Garrido. Estudi\u00e9 Humanidades y Estudios Sociales en la Universidad de Castilla-La Mancha. El M\u00e1ster de Educaci\u00f3n Secundaria Obligatoria me permiti\u00f3 ejercer como docente durante varios cursos. Pero fue con el M\u00e1ster de Gesti\u00f3n Cultural en la Universidad Oberta de Catalu\u00f1a, donde realmente encontr\u00e9 mi vocaci\u00f3n. <\/p>\n\n\n\n<p class=\"wp-block-paragraph\">Con siete a\u00f1os comenc\u00e9 el Grado Profesional de m\u00fasica en la especialidad de oboe y he tocado durante m\u00e1s de quince a\u00f1os en diferentes bandas y orquestas como oboista. He realizado tambi\u00e9n labores de investigaci\u00f3n en el campo del arte y la m\u00fasica y publico mis investigaciones sobre arte, cultura y flamenco en la plataforma <a href=\"https:\/\/irenegarridoarteycultura.substack.com\" data-type=\"URL\" data-id=\"https:\/\/irenegarridoarteycultura.substack.com\">Substrack<\/a>.<\/p>\n\n\n\n<p class=\"wp-block-paragraph\">Con 19 a\u00f1os empec\u00e9 en el mundo de la <strong>cer\u00e1mica<\/strong>. Aprend\u00ed, como se aprend\u00edan antes las artesan\u00edas, de un alfarero de Chinchilla. Durante m\u00e1s de seis a\u00f1os toqu\u00e9 el barro rojo y entend\u00ed la magia del torno de alfarero, algunas t\u00e9cnicas decorativas tradicionales y, sobre todo, la paz y la dedicaci\u00f3n que la cer\u00e1mica lleva consigo. Posteriormente me me form\u00e9 con diferentes profesionales a trav\u00e9s de cursos intensivos en diferentes ciudades de Espa\u00f1a. <\/p>\n\n\n<div class=\"wp-block-image\">\n<figure class=\"aligncenter size-large is-resized\"><img loading=\"lazy\" decoding=\"async\" width=\"819\" height=\"1024\" src=\"https:\/\/lacreativacasadearte.es\/wp-content\/uploads\/2026\/08\/coleccion-chocolate-819x1024.jpg\" alt=\"\" class=\"wp-image-2157\" style=\"aspect-ratio:0.7998118089861209;width:262px;height:auto\" srcset=\"https:\/\/lacreativacasadearte.es\/wp-content\/uploads\/2026\/08\/coleccion-chocolate-819x1024.jpg 819w, https:\/\/lacreativacasadearte.es\/wp-content\/uploads\/2026\/08\/coleccion-chocolate-240x300.jpg 240w, https:\/\/lacreativacasadearte.es\/wp-content\/uploads\/2026\/08\/coleccion-chocolate-768x960.jpg 768w, https:\/\/lacreativacasadearte.es\/wp-content\/uploads\/2026\/08\/coleccion-chocolate-1229x1536.jpg 1229w, https:\/\/lacreativacasadearte.es\/wp-content\/uploads\/2026\/08\/coleccion-chocolate.jpg 1440w\" sizes=\"auto, (max-width: 819px) 100vw, 819px\" \/><\/figure>\n<\/div>\n\n\n<p class=\"wp-block-paragraph\">Con respecto al<strong> bordado<\/strong>, fue mi abuela quien me inici\u00f3 y mi pasi\u00f3n la que me impuls\u00f3 a introducirme en el mundo de las infinitas puntadas. Desde temprana edad cog\u00ed la aguja y todav\u00eda no la he soltado. Me inspiran las flores, la naturaleza y la improvisaci\u00f3n. Investigo diferentes puntadas, me gusta combinar lo moderno con lo tradicional en un acto de reivindicaci\u00f3n del papel de la mujer en los hogares y elevar a categor\u00eda de arte el bordado, que tan escondido ha estado en los cajones y en los ajuares.<\/p>\n\n\n<div class=\"wp-block-image\">\n<figure class=\"aligncenter size-large is-resized\"><img loading=\"lazy\" decoding=\"async\" width=\"1024\" height=\"946\" src=\"https:\/\/lacreativacasadearte.es\/wp-content\/uploads\/2026\/08\/AlegoriaDeLaCreatividad7-1024x946.jpg\" alt=\"\" class=\"wp-image-2158\" style=\"aspect-ratio:1.0824578159821714;width:409px;height:auto\" srcset=\"https:\/\/lacreativacasadearte.es\/wp-content\/uploads\/2026\/08\/AlegoriaDeLaCreatividad7-1024x946.jpg 1024w, https:\/\/lacreativacasadearte.es\/wp-content\/uploads\/2026\/08\/AlegoriaDeLaCreatividad7-300x277.jpg 300w, https:\/\/lacreativacasadearte.es\/wp-content\/uploads\/2026\/08\/AlegoriaDeLaCreatividad7-768x709.jpg 768w, https:\/\/lacreativacasadearte.es\/wp-content\/uploads\/2026\/08\/AlegoriaDeLaCreatividad7-1536x1419.jpg 1536w, https:\/\/lacreativacasadearte.es\/wp-content\/uploads\/2026\/08\/AlegoriaDeLaCreatividad7-2048x1892.jpg 2048w, https:\/\/lacreativacasadearte.es\/wp-content\/uploads\/2026\/08\/AlegoriaDeLaCreatividad7-270x250.jpg 270w\" sizes=\"auto, (max-width: 1024px) 100vw, 1024px\" \/><\/figure>\n<\/div>\n\n\n<p class=\"wp-block-paragraph\">En la actualidad me dedico en cuerpo y alma a mi proyecto personal, La Creativa, donde desempe\u00f1o funciones como <strong>gestora cultural<\/strong>,<strong> ceramista y bordadora<\/strong>, bien representadas en mi marca artesana arte bordado y cer\u00e1mica <a data-type=\"URL\" data-id=\"https:\/\/irenegarrido.bigcartel.com\" href=\"https:\/\/irenegarrido.bigcartel.com\">IreneGarrido<\/a>.<\/p>\n\n\n\n<p class=\"wp-block-paragraph\">Me considero una persona creativa, emp\u00e1tica y comprometida con el arte y la cultura. Espero que te guste mi trabajo y si quieres ponerte en contacto conmigo o quieres colaborar, puedes hacerlo a trav\u00e9s de nuestra p\u00e1gina de <a href=\"https:\/\/lacreativacasadearte.es\/contacto\" data-type=\"URL\" data-id=\"https:\/\/lacreativacasadearte.es\/contacto\">contacto<\/a> o en 608848498.<\/p>\n\n\n\n<p class=\"wp-block-paragraph\"><\/p>\n","protected":false},"excerpt":{"rendered":"<p>Me llamo Irene Garc\u00eda Garrido. Estudi\u00e9 Humanidades y Estudios Sociales en la Universidad de Castilla-La Mancha. El M\u00e1ster de Educaci\u00f3n Secundaria Obligatoria me permiti\u00f3 ejercer como docente durante varios cursos. [&hellip;]<\/p>\n","protected":false},"author":1,"featured_media":894,"parent":0,"menu_order":0,"comment_status":"closed","ping_status":"closed","template":"","meta":{"footnotes":""},"class_list":["post-785","page","type-page","status-publish","has-post-thumbnail","czr-hentry"],"aioseo_notices":[],"aioseo_head":"\n\t\t<!-- All in One SEO 5.0.1.1 - aioseo.com -->\n\t<meta name=\"description\" content=\"Me llamo Irene Garc\u00eda Garrido. Estudi\u00e9 Humanidades y Estudios Sociales en la Universidad de Castilla-La Mancha. El M\u00e1ster de Educaci\u00f3n Secundaria Obligatoria me permiti\u00f3 ejercer como docente durante varios cursos. Pero fue con el M\u00e1ster de Gesti\u00f3n Cultural en la Universidad Oberta de Catalu\u00f1a, donde realmente encontr\u00e9 mi vocaci\u00f3n. Con siete a\u00f1os comenc\u00e9 el Grado\" \/>\n\t<meta name=\"robots\" content=\"max-image-preview:large\" \/>\n\t<link rel=\"canonical\" href=\"https:\/\/lacreativacasadearte.es\/?page_id=785\" \/>\n\t<meta name=\"generator\" content=\"All in One SEO (AIOSEO) 5.0.1.1\" \/>\n\t\t<meta property=\"og:locale\" content=\"es_ES\" \/>\n\t\t<meta property=\"og:site_name\" content=\"La Creativa  - cursos y talleres en Albacete\" \/>\n\t\t<meta property=\"og:type\" content=\"article\" \/>\n\t\t<meta property=\"og:title\" content=\"\u00bfQui\u00e9n se encuentra detr\u00e1s de La Creativa? - La Creativa\" \/>\n\t\t<meta property=\"og:description\" content=\"Me llamo Irene Garc\u00eda Garrido. Estudi\u00e9 Humanidades y Estudios Sociales en la Universidad de Castilla-La Mancha. El M\u00e1ster de Educaci\u00f3n Secundaria Obligatoria me permiti\u00f3 ejercer como docente durante varios cursos. Pero fue con el M\u00e1ster de Gesti\u00f3n Cultural en la Universidad Oberta de Catalu\u00f1a, donde realmente encontr\u00e9 mi vocaci\u00f3n. Con siete a\u00f1os comenc\u00e9 el Grado\" \/>\n\t\t<meta property=\"og:url\" content=\"https:\/\/lacreativacasadearte.es\/?page_id=785\" \/>\n\t\t<meta property=\"og:image\" content=\"https:\/\/lacreativacasadearte.es\/wp-content\/uploads\/2023\/08\/cropped-cropped-pajaro-con-espacio-blanco-y-fondo-transparente.png\" \/>\n\t\t<meta property=\"og:image:secure_url\" content=\"https:\/\/lacreativacasadearte.es\/wp-content\/uploads\/2023\/08\/cropped-cropped-pajaro-con-espacio-blanco-y-fondo-transparente.png\" \/>\n\t\t<meta property=\"article:published_time\" content=\"2023-07-25T18:36:46+00:00\" \/>\n\t\t<meta property=\"article:modified_time\" content=\"2026-08-20T21:07:19+00:00\" \/>\n\t\t<meta name=\"twitter:card\" content=\"summary_large_image\" \/>\n\t\t<meta name=\"twitter:title\" content=\"\u00bfQui\u00e9n se encuentra detr\u00e1s de La Creativa? - La Creativa\" \/>\n\t\t<meta name=\"twitter:description\" content=\"Me llamo Irene Garc\u00eda Garrido. Estudi\u00e9 Humanidades y Estudios Sociales en la Universidad de Castilla-La Mancha. El M\u00e1ster de Educaci\u00f3n Secundaria Obligatoria me permiti\u00f3 ejercer como docente durante varios cursos. Pero fue con el M\u00e1ster de Gesti\u00f3n Cultural en la Universidad Oberta de Catalu\u00f1a, donde realmente encontr\u00e9 mi vocaci\u00f3n. Con siete a\u00f1os comenc\u00e9 el Grado\" \/>\n\t\t<meta name=\"twitter:image\" content=\"https:\/\/lacreativacasadearte.es\/wp-content\/uploads\/2023\/08\/cropped-cropped-pajaro-con-espacio-blanco-y-fondo-transparente.png\" \/>\n\t\t<script type=\"application\/ld+json\" class=\"aioseo-schema\">\n\t\t\t{\"@context\":\"https:\\\/\\\/schema.org\",\"@graph\":[{\"@type\":\"BreadcrumbList\",\"@id\":\"https:\\\/\\\/lacreativacasadearte.es\\\/?page_id=785#breadcrumblist\",\"itemListElement\":[{\"@type\":\"ListItem\",\"@id\":\"https:\\\/\\\/lacreativacasadearte.es#listItem\",\"position\":1,\"name\":\"Home\",\"item\":\"https:\\\/\\\/lacreativacasadearte.es\",\"nextItem\":{\"@type\":\"ListItem\",\"@id\":\"https:\\\/\\\/lacreativacasadearte.es\\\/?page_id=785#listItem\",\"name\":\"\\u00bfQui\\u00e9n se encuentra detr\\u00e1s de La Creativa?\"}},{\"@type\":\"ListItem\",\"@id\":\"https:\\\/\\\/lacreativacasadearte.es\\\/?page_id=785#listItem\",\"position\":2,\"name\":\"\\u00bfQui\\u00e9n se encuentra detr\\u00e1s de La Creativa?\",\"previousItem\":{\"@type\":\"ListItem\",\"@id\":\"https:\\\/\\\/lacreativacasadearte.es#listItem\",\"name\":\"Home\"}}]},{\"@type\":\"Organization\",\"@id\":\"https:\\\/\\\/lacreativacasadearte.es\\\/#organization\",\"name\":\"La Creativa\",\"description\":\"cursos y talleres en Albacete\",\"url\":\"https:\\\/\\\/lacreativacasadearte.es\\\/\",\"logo\":{\"@type\":\"ImageObject\",\"url\":\"https:\\\/\\\/lacreativacasadearte.es\\\/wp-content\\\/uploads\\\/2023\\\/08\\\/cropped-cropped-pajaro-con-espacio-blanco-y-fondo-transparente.png\",\"@id\":\"https:\\\/\\\/lacreativacasadearte.es\\\/?page_id=785\\\/#organizationLogo\",\"width\":1275,\"height\":1021},\"image\":{\"@id\":\"https:\\\/\\\/lacreativacasadearte.es\\\/?page_id=785\\\/#organizationLogo\"}},{\"@type\":\"WebPage\",\"@id\":\"https:\\\/\\\/lacreativacasadearte.es\\\/?page_id=785#webpage\",\"url\":\"https:\\\/\\\/lacreativacasadearte.es\\\/?page_id=785\",\"name\":\"\\u00bfQui\\u00e9n se encuentra detr\\u00e1s de La Creativa? - La Creativa\",\"description\":\"Me llamo Irene Garc\\u00eda Garrido. Estudi\\u00e9 Humanidades y Estudios Sociales en la Universidad de Castilla-La Mancha. El M\\u00e1ster de Educaci\\u00f3n Secundaria Obligatoria me permiti\\u00f3 ejercer como docente durante varios cursos. Pero fue con el M\\u00e1ster de Gesti\\u00f3n Cultural en la Universidad Oberta de Catalu\\u00f1a, donde realmente encontr\\u00e9 mi vocaci\\u00f3n. Con siete a\\u00f1os comenc\\u00e9 el Grado\",\"inLanguage\":\"es-ES\",\"isPartOf\":{\"@id\":\"https:\\\/\\\/lacreativacasadearte.es\\\/#website\"},\"breadcrumb\":{\"@id\":\"https:\\\/\\\/lacreativacasadearte.es\\\/?page_id=785#breadcrumblist\"},\"image\":{\"@type\":\"ImageObject\",\"url\":\"https:\\\/\\\/lacreativacasadearte.es\\\/wp-content\\\/uploads\\\/2023\\\/08\\\/cropped-cropped-logo-con-fondo.png\",\"@id\":\"https:\\\/\\\/lacreativacasadearte.es\\\/?page_id=785\\\/#mainImage\",\"width\":498,\"height\":466},\"primaryImageOfPage\":{\"@id\":\"https:\\\/\\\/lacreativacasadearte.es\\\/?page_id=785#mainImage\"},\"datePublished\":\"2023-07-25T18:36:46+00:00\",\"dateModified\":\"2026-08-20T21:07:19+00:00\"},{\"@type\":\"WebSite\",\"@id\":\"https:\\\/\\\/lacreativacasadearte.es\\\/#website\",\"url\":\"https:\\\/\\\/lacreativacasadearte.es\\\/\",\"name\":\"La Creativa\",\"description\":\"cursos y talleres en Albacete\",\"inLanguage\":\"es-ES\",\"publisher\":{\"@id\":\"https:\\\/\\\/lacreativacasadearte.es\\\/#organization\"}}]}\n\t\t<\/script>\n\t\t<!-- All in One SEO -->\n\n","aioseo_head_json":{"title":"\u00bfQui\u00e9n se encuentra detr\u00e1s de La Creativa? - La Creativa","description":"Me llamo Irene Garc\u00eda Garrido. Estudi\u00e9 Humanidades y Estudios Sociales en la Universidad de Castilla-La Mancha. El M\u00e1ster de Educaci\u00f3n Secundaria Obligatoria me permiti\u00f3 ejercer como docente durante varios cursos. Pero fue con el M\u00e1ster de Gesti\u00f3n Cultural en la Universidad Oberta de Catalu\u00f1a, donde realmente encontr\u00e9 mi vocaci\u00f3n. Con siete a\u00f1os comenc\u00e9 el Grado","canonical_url":"https:\/\/lacreativacasadearte.es\/?page_id=785","robots":"max-image-preview:large","keywords":"","webmasterTools":{"miscellaneous":""},"schema":{"@context":"https:\/\/schema.org","@graph":[{"@type":"BreadcrumbList","@id":"https:\/\/lacreativacasadearte.es\/?page_id=785#breadcrumblist","itemListElement":[{"@type":"ListItem","@id":"https:\/\/lacreativacasadearte.es#listItem","position":1,"name":"Home","item":"https:\/\/lacreativacasadearte.es","nextItem":{"@type":"ListItem","@id":"https:\/\/lacreativacasadearte.es\/?page_id=785#listItem","name":"\u00bfQui\u00e9n se encuentra detr\u00e1s de La Creativa?"}},{"@type":"ListItem","@id":"https:\/\/lacreativacasadearte.es\/?page_id=785#listItem","position":2,"name":"\u00bfQui\u00e9n se encuentra detr\u00e1s de La Creativa?","previousItem":{"@type":"ListItem","@id":"https:\/\/lacreativacasadearte.es#listItem","name":"Home"}}]},{"@type":"Organization","@id":"https:\/\/lacreativacasadearte.es\/#organization","name":"La Creativa","description":"cursos y talleres en Albacete","url":"https:\/\/lacreativacasadearte.es\/","logo":{"@type":"ImageObject","url":"https:\/\/lacreativacasadearte.es\/wp-content\/uploads\/2023\/08\/cropped-cropped-pajaro-con-espacio-blanco-y-fondo-transparente.png","@id":"https:\/\/lacreativacasadearte.es\/?page_id=785\/#organizationLogo","width":1275,"height":1021},"image":{"@id":"https:\/\/lacreativacasadearte.es\/?page_id=785\/#organizationLogo"}},{"@type":"WebPage","@id":"https:\/\/lacreativacasadearte.es\/?page_id=785#webpage","url":"https:\/\/lacreativacasadearte.es\/?page_id=785","name":"\u00bfQui\u00e9n se encuentra detr\u00e1s de La Creativa? - La Creativa","description":"Me llamo Irene Garc\u00eda Garrido. Estudi\u00e9 Humanidades y Estudios Sociales en la Universidad de Castilla-La Mancha. El M\u00e1ster de Educaci\u00f3n Secundaria Obligatoria me permiti\u00f3 ejercer como docente durante varios cursos. Pero fue con el M\u00e1ster de Gesti\u00f3n Cultural en la Universidad Oberta de Catalu\u00f1a, donde realmente encontr\u00e9 mi vocaci\u00f3n. Con siete a\u00f1os comenc\u00e9 el Grado","inLanguage":"es-ES","isPartOf":{"@id":"https:\/\/lacreativacasadearte.es\/#website"},"breadcrumb":{"@id":"https:\/\/lacreativacasadearte.es\/?page_id=785#breadcrumblist"},"image":{"@type":"ImageObject","url":"https:\/\/lacreativacasadearte.es\/wp-content\/uploads\/2023\/08\/cropped-cropped-logo-con-fondo.png","@id":"https:\/\/lacreativacasadearte.es\/?page_id=785\/#mainImage","width":498,"height":466},"primaryImageOfPage":{"@id":"https:\/\/lacreativacasadearte.es\/?page_id=785#mainImage"},"datePublished":"2023-07-25T18:36:46+00:00","dateModified":"2026-08-20T21:07:19+00:00"},{"@type":"WebSite","@id":"https:\/\/lacreativacasadearte.es\/#website","url":"https:\/\/lacreativacasadearte.es\/","name":"La Creativa","description":"cursos y talleres en Albacete","inLanguage":"es-ES","publisher":{"@id":"https:\/\/lacreativacasadearte.es\/#organization"}}]},"og:locale":"es_ES","og:site_name":"La Creativa  - cursos y talleres en Albacete","og:type":"article","og:title":"\u00bfQui\u00e9n se encuentra detr\u00e1s de La Creativa? - La Creativa","og:description":"Me llamo Irene Garc\u00eda Garrido. Estudi\u00e9 Humanidades y Estudios Sociales en la Universidad de Castilla-La Mancha. El M\u00e1ster de Educaci\u00f3n Secundaria Obligatoria me permiti\u00f3 ejercer como docente durante varios cursos. Pero fue con el M\u00e1ster de Gesti\u00f3n Cultural en la Universidad Oberta de Catalu\u00f1a, donde realmente encontr\u00e9 mi vocaci\u00f3n. Con siete a\u00f1os comenc\u00e9 el Grado","og:url":"https:\/\/lacreativacasadearte.es\/?page_id=785","og:image":"https:\/\/lacreativacasadearte.es\/wp-content\/uploads\/2023\/08\/cropped-cropped-pajaro-con-espacio-blanco-y-fondo-transparente.png","og:image:secure_url":"https:\/\/lacreativacasadearte.es\/wp-content\/uploads\/2023\/08\/cropped-cropped-pajaro-con-espacio-blanco-y-fondo-transparente.png","article:published_time":"2023-07-25T18:36:46+00:00","article:modified_time":"2026-08-20T21:07:19+00:00","twitter:card":"summary_large_image","twitter:title":"\u00bfQui\u00e9n se encuentra detr\u00e1s de La Creativa? - La Creativa","twitter:description":"Me llamo Irene Garc\u00eda Garrido. Estudi\u00e9 Humanidades y Estudios Sociales en la Universidad de Castilla-La Mancha. El M\u00e1ster de Educaci\u00f3n Secundaria Obligatoria me permiti\u00f3 ejercer como docente durante varios cursos. Pero fue con el M\u00e1ster de Gesti\u00f3n Cultural en la Universidad Oberta de Catalu\u00f1a, donde realmente encontr\u00e9 mi vocaci\u00f3n. Con siete a\u00f1os comenc\u00e9 el Grado","twitter:image":"https:\/\/lacreativacasadearte.es\/wp-content\/uploads\/2023\/08\/cropped-cropped-pajaro-con-espacio-blanco-y-fondo-transparente.png"},"aioseo_meta_data":{"post_id":"785","title":null,"description":null,"keywords":null,"keyphrases":{"focus":{"keyphrase":"","score":0,"analysis":{"keyphraseInTitle":{"score":0,"maxScore":9,"error":1}}},"additional":[]},"primary_term":null,"canonical_url":null,"og_title":null,"og_description":null,"og_object_type":"default","og_image_type":"default","og_image_url":null,"og_image_width":null,"og_image_height":null,"og_image_custom_url":null,"og_image_custom_fields":null,"og_video":"","og_custom_url":null,"og_article_section":null,"og_article_tags":null,"twitter_use_og":false,"twitter_card":"default","twitter_image_type":"default","twitter_image_url":null,"twitter_image_custom_url":null,"twitter_image_custom_fields":null,"twitter_title":null,"twitter_description":null,"schema":{"blockGraphs":[],"customGraphs":[],"default":{"data":{"Article":[],"Course":[],"Dataset":[],"FAQPage":[],"Movie":[],"Person":[],"Product":[],"ProductReview":[],"Car":[],"Recipe":[],"Service":[],"SoftwareApplication":[],"WebPage":[]},"graphName":"WebPage","isEnabled":true},"graphs":[]},"schema_type":"default","schema_type_options":null,"pillar_content":false,"robots_default":true,"robots_noindex":false,"robots_noarchive":false,"robots_nosnippet":false,"robots_nofollow":false,"robots_noimageindex":false,"robots_noodp":false,"robots_notranslate":false,"robots_max_snippet":"-1","robots_max_videopreview":"-1","robots_max_imagepreview":"large","priority":null,"frequency":"default","local_seo":null,"breadcrumb_settings":null,"limit_modified_date":false,"ai":{"faqs":[],"keyPoints":[],"schemas":[],"titles":[],"descriptions":[],"socialPosts":{"email":{"subject":"","preview":"","content":""},"linkedin":[],"twitter":[],"facebook":[],"instagram":[]}},"created":"2025-02-07 11:11:24","updated":"2026-08-20 21:30:53","seo_analyzer_scan_date":null,"focus_keyword":null,"additional_keywords":null,"truseo_locale":null},"aioseo_breadcrumb":"<div class=\"aioseo-breadcrumbs\"><span class=\"aioseo-breadcrumb\">\n\t\t\t<a href=\"https:\/\/lacreativacasadearte.es\" title=\"Home\">Home<\/a>\n\t\t<\/span><span class=\"aioseo-breadcrumb-separator\">&raquo;<\/span><span class=\"aioseo-breadcrumb\">\n\t\t\t\u00bfQui\u00e9n se encuentra detr\u00e1s de La Creativa?\n\t\t<\/span><\/div>","aioseo_breadcrumb_json":[{"label":"Home","link":"https:\/\/lacreativacasadearte.es"},{"label":"\u00bfQui\u00e9n se encuentra detr\u00e1s de La Creativa?","link":"https:\/\/lacreativacasadearte.es\/?page_id=785"}],"_links":{"self":[{"href":"https:\/\/lacreativacasadearte.es\/index.php?rest_route=\/wp\/v2\/pages\/785","targetHints":{"allow":["GET"]}}],"collection":[{"href":"https:\/\/lacreativacasadearte.es\/index.php?rest_route=\/wp\/v2\/pages"}],"about":[{"href":"https:\/\/lacreativacasadearte.es\/index.php?rest_route=\/wp\/v2\/types\/page"}],"author":[{"embeddable":true,"href":"https:\/\/lacreativacasadearte.es\/index.php?rest_route=\/wp\/v2\/users\/1"}],"replies":[{"embeddable":true,"href":"https:\/\/lacreativacasadearte.es\/index.php?rest_route=%2Fwp%2Fv2%2Fcomments&post=785"}],"version-history":[{"count":8,"href":"https:\/\/lacreativacasadearte.es\/index.php?rest_route=\/wp\/v2\/pages\/785\/revisions"}],"predecessor-version":[{"id":2160,"href":"https:\/\/lacreativacasadearte.es\/index.php?rest_route=\/wp\/v2\/pages\/785\/revisions\/2160"}],"wp:featuredmedia":[{"embeddable":true,"href":"https:\/\/lacreativacasadearte.es\/index.php?rest_route=\/wp\/v2\/media\/894"}],"wp:attachment":[{"href":"https:\/\/lacreativacasadearte.es\/index.php?rest_route=%2Fwp%2Fv2%2Fmedia&parent=785"}],"curies":[{"name":"wp","href":"https:\/\/api.w.org\/{rel}","templated":true}]}}