{"id":3,"date":"2022-08-24T10:12:06","date_gmt":"2022-08-24T10:12:06","guid":{"rendered":"http:\/\/lacreativacasadearte.es\/?page_id=3"},"modified":"2023-11-02T11:24:05","modified_gmt":"2023-11-02T11:24:05","slug":"privacy-policy","status":"publish","type":"page","link":"https:\/\/lacreativacasadearte.es\/?page_id=3","title":{"rendered":"LOPD"},"content":{"rendered":"\n<h2 class=\"wp-block-heading\">Pol\u00edtica de protecci\u00f3n de datos.<\/h2>\n\n\n\n<p class=\"wp-block-paragraph\">Todos los datos que se proporcionan en esta p\u00e1gina web, han sido cedidos \u00fanica y exclusivamente con una finalidad informativa y l\u00fadica. En ning\u00fan caso se har\u00e1 uso de ellos con fines comerciales. \u00danica y exclusivamente se utilizar\u00e1n los datos proporcionados para informar, a los usuarios que as\u00ed lo han aceptado en los formularios de registro, de las actividades culturales que se desarrollan en La Creativa. <\/p>\n\n\n\n<p class=\"wp-block-paragraph\">En cada formulario, el usuario acepta la cesi\u00f3n de sus datos (nombre y apellidos e email exclusivamente) con estos fines y acepta o desestima recibir correos informativos de nuestras actividades. <\/p>\n\n\n\n<p class=\"wp-block-paragraph\"><\/p>\n\n\n\n<p class=\"wp-block-paragraph\">La Creativa te informa sobre su Pol\u00edtica de Privacidad respecto del tratamiento y protecci\u00f3n de los datos de car\u00e1cter personal de los usuarios y clientes que puedan ser recabados por la navegaci\u00f3n o contrataci\u00f3n de servicios a trav\u00e9s del sitio Web. En este sentido, La Creativa garantiza el cumplimiento de la normativa vigente en materia de protecci\u00f3n de datos personales, reflejada en la Ley Org\u00e1nica 3\/2018, de 5 de diciembre, de Protecci\u00f3n de Datos Personales y de Garant\u00eda de Derechos Digitales (LOPD GDD). Cumple tambi\u00e9n con el Reglamento (UE) 2016\/679 del Parlamento Europeo y del Consejo de 27 de abril de 2016 relativo a la protecci\u00f3n de las personas f\u00edsicas (RGPD).El uso de sitio Web implica la aceptaci\u00f3n de esta Pol\u00edtica de Privacidad as\u00ed como las condiciones incluidas en el Aviso Legal.<\/p>\n","protected":false},"excerpt":{"rendered":"<p>Pol\u00edtica de protecci\u00f3n de datos. Todos los datos que se proporcionan en esta p\u00e1gina web, han sido cedidos \u00fanica y exclusivamente con una finalidad informativa y l\u00fadica. En ning\u00fan caso [&hellip;]<\/p>\n","protected":false},"author":1,"featured_media":0,"parent":0,"menu_order":0,"comment_status":"closed","ping_status":"open","template":"","meta":{"footnotes":""},"class_list":["post-3","page","type-page","status-publish","czr-hentry"],"aioseo_notices":[],"aioseo_head":"\n\t\t<!-- All in One SEO 5.0.1.1 - aioseo.com -->\n\t<meta name=\"description\" content=\"Pol\u00edtica de protecci\u00f3n de datos. Todos los datos que se proporcionan en esta p\u00e1gina web, han sido cedidos \u00fanica y exclusivamente con una finalidad informativa y l\u00fadica. En ning\u00fan caso se har\u00e1 uso de ellos con fines comerciales. \u00danica y exclusivamente se utilizar\u00e1n los datos proporcionados para informar, a los usuarios que as\u00ed lo han\" \/>\n\t<meta name=\"robots\" content=\"max-image-preview:large\" \/>\n\t<link rel=\"canonical\" href=\"https:\/\/lacreativacasadearte.es\/?page_id=3\" \/>\n\t<meta name=\"generator\" content=\"All in One SEO (AIOSEO) 5.0.1.1\" \/>\n\t\t<meta property=\"og:locale\" content=\"es_ES\" \/>\n\t\t<meta property=\"og:site_name\" content=\"La Creativa  - cursos y talleres en Albacete\" \/>\n\t\t<meta property=\"og:type\" content=\"article\" \/>\n\t\t<meta property=\"og:title\" content=\"LOPD - La Creativa\" \/>\n\t\t<meta property=\"og:description\" content=\"Pol\u00edtica de protecci\u00f3n de datos. Todos los datos que se proporcionan en esta p\u00e1gina web, han sido cedidos \u00fanica y exclusivamente con una finalidad informativa y l\u00fadica. En ning\u00fan caso se har\u00e1 uso de ellos con fines comerciales. \u00danica y exclusivamente se utilizar\u00e1n los datos proporcionados para informar, a los usuarios que as\u00ed lo han\" \/>\n\t\t<meta property=\"og:url\" content=\"https:\/\/lacreativacasadearte.es\/?page_id=3\" \/>\n\t\t<meta property=\"og:image\" content=\"https:\/\/lacreativacasadearte.es\/wp-content\/uploads\/2023\/08\/cropped-cropped-pajaro-con-espacio-blanco-y-fondo-transparente.png\" \/>\n\t\t<meta property=\"og:image:secure_url\" content=\"https:\/\/lacreativacasadearte.es\/wp-content\/uploads\/2023\/08\/cropped-cropped-pajaro-con-espacio-blanco-y-fondo-transparente.png\" \/>\n\t\t<meta property=\"article:published_time\" content=\"2022-08-24T10:12:06+00:00\" \/>\n\t\t<meta property=\"article:modified_time\" content=\"2023-11-02T11:24:05+00:00\" \/>\n\t\t<meta name=\"twitter:card\" content=\"summary_large_image\" \/>\n\t\t<meta name=\"twitter:title\" content=\"LOPD - La Creativa\" \/>\n\t\t<meta name=\"twitter:description\" content=\"Pol\u00edtica de protecci\u00f3n de datos. Todos los datos que se proporcionan en esta p\u00e1gina web, han sido cedidos \u00fanica y exclusivamente con una finalidad informativa y l\u00fadica. En ning\u00fan caso se har\u00e1 uso de ellos con fines comerciales. \u00danica y exclusivamente se utilizar\u00e1n los datos proporcionados para informar, a los usuarios que as\u00ed lo han\" \/>\n\t\t<meta name=\"twitter:image\" content=\"https:\/\/lacreativacasadearte.es\/wp-content\/uploads\/2023\/08\/cropped-cropped-pajaro-con-espacio-blanco-y-fondo-transparente.png\" \/>\n\t\t<script type=\"application\/ld+json\" class=\"aioseo-schema\">\n\t\t\t{\"@context\":\"https:\\\/\\\/schema.org\",\"@graph\":[{\"@type\":\"BreadcrumbList\",\"@id\":\"https:\\\/\\\/lacreativacasadearte.es\\\/?page_id=3#breadcrumblist\",\"itemListElement\":[{\"@type\":\"ListItem\",\"@id\":\"https:\\\/\\\/lacreativacasadearte.es#listItem\",\"position\":1,\"name\":\"Home\",\"item\":\"https:\\\/\\\/lacreativacasadearte.es\",\"nextItem\":{\"@type\":\"ListItem\",\"@id\":\"https:\\\/\\\/lacreativacasadearte.es\\\/?page_id=3#listItem\",\"name\":\"LOPD\"}},{\"@type\":\"ListItem\",\"@id\":\"https:\\\/\\\/lacreativacasadearte.es\\\/?page_id=3#listItem\",\"position\":2,\"name\":\"LOPD\",\"previousItem\":{\"@type\":\"ListItem\",\"@id\":\"https:\\\/\\\/lacreativacasadearte.es#listItem\",\"name\":\"Home\"}}]},{\"@type\":\"Organization\",\"@id\":\"https:\\\/\\\/lacreativacasadearte.es\\\/#organization\",\"name\":\"La Creativa\",\"description\":\"cursos y talleres en Albacete\",\"url\":\"https:\\\/\\\/lacreativacasadearte.es\\\/\",\"logo\":{\"@type\":\"ImageObject\",\"url\":\"https:\\\/\\\/lacreativacasadearte.es\\\/wp-content\\\/uploads\\\/2023\\\/08\\\/cropped-cropped-pajaro-con-espacio-blanco-y-fondo-transparente.png\",\"@id\":\"https:\\\/\\\/lacreativacasadearte.es\\\/?page_id=3\\\/#organizationLogo\",\"width\":1275,\"height\":1021},\"image\":{\"@id\":\"https:\\\/\\\/lacreativacasadearte.es\\\/?page_id=3\\\/#organizationLogo\"}},{\"@type\":\"WebPage\",\"@id\":\"https:\\\/\\\/lacreativacasadearte.es\\\/?page_id=3#webpage\",\"url\":\"https:\\\/\\\/lacreativacasadearte.es\\\/?page_id=3\",\"name\":\"LOPD - La Creativa\",\"description\":\"Pol\\u00edtica de protecci\\u00f3n de datos. Todos los datos que se proporcionan en esta p\\u00e1gina web, han sido cedidos \\u00fanica y exclusivamente con una finalidad informativa y l\\u00fadica. En ning\\u00fan caso se har\\u00e1 uso de ellos con fines comerciales. \\u00danica y exclusivamente se utilizar\\u00e1n los datos proporcionados para informar, a los usuarios que as\\u00ed lo han\",\"inLanguage\":\"es-ES\",\"isPartOf\":{\"@id\":\"https:\\\/\\\/lacreativacasadearte.es\\\/#website\"},\"breadcrumb\":{\"@id\":\"https:\\\/\\\/lacreativacasadearte.es\\\/?page_id=3#breadcrumblist\"},\"datePublished\":\"2022-08-24T10:12:06+00:00\",\"dateModified\":\"2023-11-02T11:24:05+00:00\"},{\"@type\":\"WebSite\",\"@id\":\"https:\\\/\\\/lacreativacasadearte.es\\\/#website\",\"url\":\"https:\\\/\\\/lacreativacasadearte.es\\\/\",\"name\":\"La Creativa\",\"description\":\"cursos y talleres en Albacete\",\"inLanguage\":\"es-ES\",\"publisher\":{\"@id\":\"https:\\\/\\\/lacreativacasadearte.es\\\/#organization\"}}]}\n\t\t<\/script>\n\t\t<!-- All in One SEO -->\n\n","aioseo_head_json":{"title":"LOPD - La Creativa","description":"Pol\u00edtica de protecci\u00f3n de datos. Todos los datos que se proporcionan en esta p\u00e1gina web, han sido cedidos \u00fanica y exclusivamente con una finalidad informativa y l\u00fadica. En ning\u00fan caso se har\u00e1 uso de ellos con fines comerciales. \u00danica y exclusivamente se utilizar\u00e1n los datos proporcionados para informar, a los usuarios que as\u00ed lo han","canonical_url":"https:\/\/lacreativacasadearte.es\/?page_id=3","robots":"max-image-preview:large","keywords":"","webmasterTools":{"miscellaneous":""},"schema":{"@context":"https:\/\/schema.org","@graph":[{"@type":"BreadcrumbList","@id":"https:\/\/lacreativacasadearte.es\/?page_id=3#breadcrumblist","itemListElement":[{"@type":"ListItem","@id":"https:\/\/lacreativacasadearte.es#listItem","position":1,"name":"Home","item":"https:\/\/lacreativacasadearte.es","nextItem":{"@type":"ListItem","@id":"https:\/\/lacreativacasadearte.es\/?page_id=3#listItem","name":"LOPD"}},{"@type":"ListItem","@id":"https:\/\/lacreativacasadearte.es\/?page_id=3#listItem","position":2,"name":"LOPD","previousItem":{"@type":"ListItem","@id":"https:\/\/lacreativacasadearte.es#listItem","name":"Home"}}]},{"@type":"Organization","@id":"https:\/\/lacreativacasadearte.es\/#organization","name":"La Creativa","description":"cursos y talleres en Albacete","url":"https:\/\/lacreativacasadearte.es\/","logo":{"@type":"ImageObject","url":"https:\/\/lacreativacasadearte.es\/wp-content\/uploads\/2023\/08\/cropped-cropped-pajaro-con-espacio-blanco-y-fondo-transparente.png","@id":"https:\/\/lacreativacasadearte.es\/?page_id=3\/#organizationLogo","width":1275,"height":1021},"image":{"@id":"https:\/\/lacreativacasadearte.es\/?page_id=3\/#organizationLogo"}},{"@type":"WebPage","@id":"https:\/\/lacreativacasadearte.es\/?page_id=3#webpage","url":"https:\/\/lacreativacasadearte.es\/?page_id=3","name":"LOPD - La Creativa","description":"Pol\u00edtica de protecci\u00f3n de datos. Todos los datos que se proporcionan en esta p\u00e1gina web, han sido cedidos \u00fanica y exclusivamente con una finalidad informativa y l\u00fadica. En ning\u00fan caso se har\u00e1 uso de ellos con fines comerciales. \u00danica y exclusivamente se utilizar\u00e1n los datos proporcionados para informar, a los usuarios que as\u00ed lo han","inLanguage":"es-ES","isPartOf":{"@id":"https:\/\/lacreativacasadearte.es\/#website"},"breadcrumb":{"@id":"https:\/\/lacreativacasadearte.es\/?page_id=3#breadcrumblist"},"datePublished":"2022-08-24T10:12:06+00:00","dateModified":"2023-11-02T11:24:05+00:00"},{"@type":"WebSite","@id":"https:\/\/lacreativacasadearte.es\/#website","url":"https:\/\/lacreativacasadearte.es\/","name":"La Creativa","description":"cursos y talleres en Albacete","inLanguage":"es-ES","publisher":{"@id":"https:\/\/lacreativacasadearte.es\/#organization"}}]},"og:locale":"es_ES","og:site_name":"La Creativa  - cursos y talleres en Albacete","og:type":"article","og:title":"LOPD - La Creativa","og:description":"Pol\u00edtica de protecci\u00f3n de datos. Todos los datos que se proporcionan en esta p\u00e1gina web, han sido cedidos \u00fanica y exclusivamente con una finalidad informativa y l\u00fadica. En ning\u00fan caso se har\u00e1 uso de ellos con fines comerciales. \u00danica y exclusivamente se utilizar\u00e1n los datos proporcionados para informar, a los usuarios que as\u00ed lo han","og:url":"https:\/\/lacreativacasadearte.es\/?page_id=3","og:image":"https:\/\/lacreativacasadearte.es\/wp-content\/uploads\/2023\/08\/cropped-cropped-pajaro-con-espacio-blanco-y-fondo-transparente.png","og:image:secure_url":"https:\/\/lacreativacasadearte.es\/wp-content\/uploads\/2023\/08\/cropped-cropped-pajaro-con-espacio-blanco-y-fondo-transparente.png","article:published_time":"2022-08-24T10:12:06+00:00","article:modified_time":"2023-11-02T11:24:05+00:00","twitter:card":"summary_large_image","twitter:title":"LOPD - La Creativa","twitter:description":"Pol\u00edtica de protecci\u00f3n de datos. Todos los datos que se proporcionan en esta p\u00e1gina web, han sido cedidos \u00fanica y exclusivamente con una finalidad informativa y l\u00fadica. En ning\u00fan caso se har\u00e1 uso de ellos con fines comerciales. \u00danica y exclusivamente se utilizar\u00e1n los datos proporcionados para informar, a los usuarios que as\u00ed lo han","twitter:image":"https:\/\/lacreativacasadearte.es\/wp-content\/uploads\/2023\/08\/cropped-cropped-pajaro-con-espacio-blanco-y-fondo-transparente.png"},"aioseo_meta_data":{"post_id":"3","title":null,"description":null,"keywords":null,"keyphrases":{"focus":[],"additional":[]},"primary_term":null,"canonical_url":null,"og_title":null,"og_description":null,"og_object_type":"default","og_image_type":"default","og_image_url":null,"og_image_width":null,"og_image_height":null,"og_image_custom_url":null,"og_image_custom_fields":null,"og_video":null,"og_custom_url":null,"og_article_section":null,"og_article_tags":null,"twitter_use_og":false,"twitter_card":"default","twitter_image_type":"default","twitter_image_url":null,"twitter_image_custom_url":null,"twitter_image_custom_fields":null,"twitter_title":null,"twitter_description":null,"schema":{"blockGraphs":[],"customGraphs":[],"default":{"data":{"Article":[],"Course":[],"Dataset":[],"FAQPage":[],"Movie":[],"Person":[],"Product":[],"ProductReview":[],"Car":[],"Recipe":[],"Service":[],"SoftwareApplication":[],"WebPage":[]},"graphName":"","isEnabled":true},"graphs":[]},"schema_type":"default","schema_type_options":null,"pillar_content":false,"robots_default":true,"robots_noindex":false,"robots_noarchive":false,"robots_nosnippet":false,"robots_nofollow":false,"robots_noimageindex":false,"robots_noodp":false,"robots_notranslate":false,"robots_max_snippet":null,"robots_max_videopreview":null,"robots_max_imagepreview":"large","priority":null,"frequency":null,"local_seo":null,"breadcrumb_settings":null,"limit_modified_date":false,"ai":null,"created":"2025-02-07 01:16:26","updated":"2026-08-20 19:31:16","seo_analyzer_scan_date":null,"focus_keyword":null,"additional_keywords":null,"truseo_locale":null},"aioseo_breadcrumb":"<div class=\"aioseo-breadcrumbs\"><span class=\"aioseo-breadcrumb\">\n\t\t\t<a href=\"https:\/\/lacreativacasadearte.es\" title=\"Home\">Home<\/a>\n\t\t<\/span><span class=\"aioseo-breadcrumb-separator\">&raquo;<\/span><span class=\"aioseo-breadcrumb\">\n\t\t\tLOPD\n\t\t<\/span><\/div>","aioseo_breadcrumb_json":[{"label":"Home","link":"https:\/\/lacreativacasadearte.es"},{"label":"LOPD","link":"https:\/\/lacreativacasadearte.es\/?page_id=3"}],"_links":{"self":[{"href":"https:\/\/lacreativacasadearte.es\/index.php?rest_route=\/wp\/v2\/pages\/3","targetHints":{"allow":["GET"]}}],"collection":[{"href":"https:\/\/lacreativacasadearte.es\/index.php?rest_route=\/wp\/v2\/pages"}],"about":[{"href":"https:\/\/lacreativacasadearte.es\/index.php?rest_route=\/wp\/v2\/types\/page"}],"author":[{"embeddable":true,"href":"https:\/\/lacreativacasadearte.es\/index.php?rest_route=\/wp\/v2\/users\/1"}],"replies":[{"embeddable":true,"href":"https:\/\/lacreativacasadearte.es\/index.php?rest_route=%2Fwp%2Fv2%2Fcomments&post=3"}],"version-history":[{"count":1,"href":"https:\/\/lacreativacasadearte.es\/index.php?rest_route=\/wp\/v2\/pages\/3\/revisions"}],"predecessor-version":[{"id":1237,"href":"https:\/\/lacreativacasadearte.es\/index.php?rest_route=\/wp\/v2\/pages\/3\/revisions\/1237"}],"wp:attachment":[{"href":"https:\/\/lacreativacasadearte.es\/index.php?rest_route=%2Fwp%2Fv2%2Fmedia&parent=3"}],"curies":[{"name":"wp","href":"https:\/\/api.w.org\/{rel}","templated":true}]}}