{"id":1641,"date":"2024-12-04T17:00:10","date_gmt":"2024-12-04T17:00:10","guid":{"rendered":"https:\/\/lacreativacasadearte.es\/?page_id=1641"},"modified":"2026-08-27T10:56:12","modified_gmt":"2026-08-27T10:56:12","slug":"la-creativa-albacete","status":"publish","type":"page","link":"https:\/\/lacreativacasadearte.es\/?page_id=1641","title":{"rendered":"Nuestras clases, nuestros talleres"},"content":{"rendered":"\n<p class=\"wp-block-paragraph\">Aqu\u00ed podr\u00e1s conocer nuestro espacio y la modalidad de clases y talleres que desarrollamos en La Creativa. En este espacio encontrar\u00e1s toda la informaci\u00f3n sobre clases regulares, talleres monogr\u00e1ficos de fin de semana y talleres privados.<\/p>\n\n\n\n<h1 class=\"wp-block-heading has-text-align-center\"><strong>Nuestro espacio<\/strong><\/h1>\n\n\n\n<p class=\"wp-block-paragraph\"><\/p>\n\n\n\n<figure class=\"wp-block-gallery has-nested-images columns-default is-cropped wp-block-gallery-1 is-layout-flex wp-block-gallery-is-layout-flex\">\n<figure class=\"wp-block-image size-large\"><img loading=\"lazy\" decoding=\"async\" width=\"1024\" height=\"629\" data-id=\"1758\" src=\"https:\/\/lacreativacasadearte.es\/wp-content\/uploads\/2025\/01\/WhatsApp-Image-2025-01-20-at-10.28.27-2-1024x629.jpeg\" alt=\"\" class=\"wp-image-1758\" srcset=\"https:\/\/lacreativacasadearte.es\/wp-content\/uploads\/2025\/01\/WhatsApp-Image-2025-01-20-at-10.28.27-2-1024x629.jpeg 1024w, https:\/\/lacreativacasadearte.es\/wp-content\/uploads\/2025\/01\/WhatsApp-Image-2025-01-20-at-10.28.27-2-300x184.jpeg 300w, https:\/\/lacreativacasadearte.es\/wp-content\/uploads\/2025\/01\/WhatsApp-Image-2025-01-20-at-10.28.27-2-768x472.jpeg 768w, https:\/\/lacreativacasadearte.es\/wp-content\/uploads\/2025\/01\/WhatsApp-Image-2025-01-20-at-10.28.27-2-1536x944.jpeg 1536w, https:\/\/lacreativacasadearte.es\/wp-content\/uploads\/2025\/01\/WhatsApp-Image-2025-01-20-at-10.28.27-2-570x350.jpeg 570w, https:\/\/lacreativacasadearte.es\/wp-content\/uploads\/2025\/01\/WhatsApp-Image-2025-01-20-at-10.28.27-2-600x369.jpeg 600w, https:\/\/lacreativacasadearte.es\/wp-content\/uploads\/2025\/01\/WhatsApp-Image-2025-01-20-at-10.28.27-2.jpeg 1600w\" sizes=\"auto, (max-width: 1024px) 100vw, 1024px\" \/><\/figure>\n\n\n\n<figure class=\"wp-block-image size-large\"><img loading=\"lazy\" decoding=\"async\" width=\"1024\" height=\"768\" data-id=\"1759\" src=\"https:\/\/lacreativacasadearte.es\/wp-content\/uploads\/2025\/01\/WhatsApp-Image-2025-01-20-at-10.28.27-3-1024x768.jpeg\" alt=\"\" class=\"wp-image-1759\" srcset=\"https:\/\/lacreativacasadearte.es\/wp-content\/uploads\/2025\/01\/WhatsApp-Image-2025-01-20-at-10.28.27-3-1024x768.jpeg 1024w, https:\/\/lacreativacasadearte.es\/wp-content\/uploads\/2025\/01\/WhatsApp-Image-2025-01-20-at-10.28.27-3-300x225.jpeg 300w, https:\/\/lacreativacasadearte.es\/wp-content\/uploads\/2025\/01\/WhatsApp-Image-2025-01-20-at-10.28.27-3-768x576.jpeg 768w, https:\/\/lacreativacasadearte.es\/wp-content\/uploads\/2025\/01\/WhatsApp-Image-2025-01-20-at-10.28.27-3-1536x1152.jpeg 1536w, https:\/\/lacreativacasadearte.es\/wp-content\/uploads\/2025\/01\/WhatsApp-Image-2025-01-20-at-10.28.27-3-600x450.jpeg 600w, https:\/\/lacreativacasadearte.es\/wp-content\/uploads\/2025\/01\/WhatsApp-Image-2025-01-20-at-10.28.27-3.jpeg 1600w\" sizes=\"auto, (max-width: 1024px) 100vw, 1024px\" \/><\/figure>\n\n\n\n<figure class=\"wp-block-image size-large\"><img loading=\"lazy\" decoding=\"async\" width=\"1024\" height=\"768\" data-id=\"1763\" src=\"https:\/\/lacreativacasadearte.es\/wp-content\/uploads\/2025\/01\/WhatsApp-Image-2025-01-20-at-10.28.27-5-1024x768.jpeg\" alt=\"\" class=\"wp-image-1763\" srcset=\"https:\/\/lacreativacasadearte.es\/wp-content\/uploads\/2025\/01\/WhatsApp-Image-2025-01-20-at-10.28.27-5-1024x768.jpeg 1024w, https:\/\/lacreativacasadearte.es\/wp-content\/uploads\/2025\/01\/WhatsApp-Image-2025-01-20-at-10.28.27-5-300x225.jpeg 300w, https:\/\/lacreativacasadearte.es\/wp-content\/uploads\/2025\/01\/WhatsApp-Image-2025-01-20-at-10.28.27-5-768x576.jpeg 768w, https:\/\/lacreativacasadearte.es\/wp-content\/uploads\/2025\/01\/WhatsApp-Image-2025-01-20-at-10.28.27-5-1536x1152.jpeg 1536w, https:\/\/lacreativacasadearte.es\/wp-content\/uploads\/2025\/01\/WhatsApp-Image-2025-01-20-at-10.28.27-5-600x450.jpeg 600w, https:\/\/lacreativacasadearte.es\/wp-content\/uploads\/2025\/01\/WhatsApp-Image-2025-01-20-at-10.28.27-5.jpeg 1600w\" sizes=\"auto, (max-width: 1024px) 100vw, 1024px\" \/><\/figure>\n\n\n\n<figure class=\"wp-block-image size-large\"><img loading=\"lazy\" decoding=\"async\" width=\"1024\" height=\"768\" data-id=\"1761\" src=\"https:\/\/lacreativacasadearte.es\/wp-content\/uploads\/2025\/01\/WhatsApp-Image-2025-01-20-at-10.28.27-6-1024x768.jpeg\" alt=\"\" class=\"wp-image-1761\" srcset=\"https:\/\/lacreativacasadearte.es\/wp-content\/uploads\/2025\/01\/WhatsApp-Image-2025-01-20-at-10.28.27-6-1024x768.jpeg 1024w, https:\/\/lacreativacasadearte.es\/wp-content\/uploads\/2025\/01\/WhatsApp-Image-2025-01-20-at-10.28.27-6-300x225.jpeg 300w, https:\/\/lacreativacasadearte.es\/wp-content\/uploads\/2025\/01\/WhatsApp-Image-2025-01-20-at-10.28.27-6-768x576.jpeg 768w, https:\/\/lacreativacasadearte.es\/wp-content\/uploads\/2025\/01\/WhatsApp-Image-2025-01-20-at-10.28.27-6-1536x1152.jpeg 1536w, https:\/\/lacreativacasadearte.es\/wp-content\/uploads\/2025\/01\/WhatsApp-Image-2025-01-20-at-10.28.27-6-600x450.jpeg 600w, https:\/\/lacreativacasadearte.es\/wp-content\/uploads\/2025\/01\/WhatsApp-Image-2025-01-20-at-10.28.27-6.jpeg 1600w\" sizes=\"auto, (max-width: 1024px) 100vw, 1024px\" \/><\/figure>\n\n\n\n<figure class=\"wp-block-image size-large\"><img loading=\"lazy\" decoding=\"async\" width=\"1024\" height=\"768\" data-id=\"1764\" src=\"https:\/\/lacreativacasadearte.es\/wp-content\/uploads\/2025\/01\/WhatsApp-Image-2025-01-20-at-10.28.27-7-1024x768.jpeg\" alt=\"\" class=\"wp-image-1764\" srcset=\"https:\/\/lacreativacasadearte.es\/wp-content\/uploads\/2025\/01\/WhatsApp-Image-2025-01-20-at-10.28.27-7-1024x768.jpeg 1024w, https:\/\/lacreativacasadearte.es\/wp-content\/uploads\/2025\/01\/WhatsApp-Image-2025-01-20-at-10.28.27-7-300x225.jpeg 300w, https:\/\/lacreativacasadearte.es\/wp-content\/uploads\/2025\/01\/WhatsApp-Image-2025-01-20-at-10.28.27-7-768x576.jpeg 768w, https:\/\/lacreativacasadearte.es\/wp-content\/uploads\/2025\/01\/WhatsApp-Image-2025-01-20-at-10.28.27-7-1536x1152.jpeg 1536w, https:\/\/lacreativacasadearte.es\/wp-content\/uploads\/2025\/01\/WhatsApp-Image-2025-01-20-at-10.28.27-7-600x450.jpeg 600w, https:\/\/lacreativacasadearte.es\/wp-content\/uploads\/2025\/01\/WhatsApp-Image-2025-01-20-at-10.28.27-7.jpeg 1600w\" sizes=\"auto, (max-width: 1024px) 100vw, 1024px\" \/><\/figure>\n\n\n\n<figure class=\"wp-block-image size-large\"><img loading=\"lazy\" decoding=\"async\" width=\"1024\" height=\"768\" data-id=\"1760\" src=\"https:\/\/lacreativacasadearte.es\/wp-content\/uploads\/2025\/01\/WhatsApp-Image-2025-01-20-at-10.28.27-8-1024x768.jpeg\" alt=\"\" class=\"wp-image-1760\" srcset=\"https:\/\/lacreativacasadearte.es\/wp-content\/uploads\/2025\/01\/WhatsApp-Image-2025-01-20-at-10.28.27-8-1024x768.jpeg 1024w, https:\/\/lacreativacasadearte.es\/wp-content\/uploads\/2025\/01\/WhatsApp-Image-2025-01-20-at-10.28.27-8-300x225.jpeg 300w, https:\/\/lacreativacasadearte.es\/wp-content\/uploads\/2025\/01\/WhatsApp-Image-2025-01-20-at-10.28.27-8-768x576.jpeg 768w, https:\/\/lacreativacasadearte.es\/wp-content\/uploads\/2025\/01\/WhatsApp-Image-2025-01-20-at-10.28.27-8-1536x1152.jpeg 1536w, https:\/\/lacreativacasadearte.es\/wp-content\/uploads\/2025\/01\/WhatsApp-Image-2025-01-20-at-10.28.27-8-600x450.jpeg 600w, https:\/\/lacreativacasadearte.es\/wp-content\/uploads\/2025\/01\/WhatsApp-Image-2025-01-20-at-10.28.27-8.jpeg 1600w\" sizes=\"auto, (max-width: 1024px) 100vw, 1024px\" \/><\/figure>\n<\/figure>\n\n\n\n<figure class=\"wp-block-image size-large\"><img loading=\"lazy\" decoding=\"async\" width=\"768\" height=\"1024\" src=\"https:\/\/lacreativacasadearte.es\/wp-content\/uploads\/2025\/01\/WhatsApp-Image-2025-01-20-at-10.28.28-3-768x1024.jpeg\" alt=\"\" class=\"wp-image-1768\" srcset=\"https:\/\/lacreativacasadearte.es\/wp-content\/uploads\/2025\/01\/WhatsApp-Image-2025-01-20-at-10.28.28-3-768x1024.jpeg 768w, https:\/\/lacreativacasadearte.es\/wp-content\/uploads\/2025\/01\/WhatsApp-Image-2025-01-20-at-10.28.28-3-225x300.jpeg 225w, https:\/\/lacreativacasadearte.es\/wp-content\/uploads\/2025\/01\/WhatsApp-Image-2025-01-20-at-10.28.28-3-1152x1536.jpeg 1152w, https:\/\/lacreativacasadearte.es\/wp-content\/uploads\/2025\/01\/WhatsApp-Image-2025-01-20-at-10.28.28-3-600x800.jpeg 600w, https:\/\/lacreativacasadearte.es\/wp-content\/uploads\/2025\/01\/WhatsApp-Image-2025-01-20-at-10.28.28-3.jpeg 1200w\" sizes=\"auto, (max-width: 768px) 100vw, 768px\" \/><\/figure>\n\n\n\n<h1 class=\"wp-block-heading has-text-align-center\"><strong>Clases regulares<\/strong><\/h1>\n\n\n\n<p class=\"has-text-align-center wp-block-paragraph\">Curso 2026-2027<\/p>\n\n\n\n<figure class=\"wp-block-gallery has-nested-images columns-default is-cropped wp-block-gallery-2 is-layout-flex wp-block-gallery-is-layout-flex\">\n<figure class=\"wp-block-image size-large\"><img loading=\"lazy\" decoding=\"async\" width=\"1024\" height=\"724\" data-id=\"2167\" src=\"https:\/\/lacreativacasadearte.es\/wp-content\/uploads\/2026\/08\/horario-curso-2026-2027-1024x724.png\" alt=\"\" class=\"wp-image-2167\" srcset=\"https:\/\/lacreativacasadearte.es\/wp-content\/uploads\/2026\/08\/horario-curso-2026-2027-1024x724.png 1024w, https:\/\/lacreativacasadearte.es\/wp-content\/uploads\/2026\/08\/horario-curso-2026-2027-300x212.png 300w, https:\/\/lacreativacasadearte.es\/wp-content\/uploads\/2026\/08\/horario-curso-2026-2027-768x543.png 768w, https:\/\/lacreativacasadearte.es\/wp-content\/uploads\/2026\/08\/horario-curso-2026-2027-1536x1086.png 1536w, https:\/\/lacreativacasadearte.es\/wp-content\/uploads\/2026\/08\/horario-curso-2026-2027.png 2000w\" sizes=\"auto, (max-width: 1024px) 100vw, 1024px\" \/><\/figure>\n<\/figure>\n\n\n\n<ul class=\"wp-block-list\">\n<li><strong>Clases regulares de cer\u00e1mica<\/strong>: 60\u20ac al mes (2h. a la semana)<\/li>\n\n\n\n<li><strong>Clases regulares de bordado contempor\u00e1neo<\/strong>: 45\u20ac al mes (2h. a la semana)<\/li>\n\n\n\n<li><strong>Talleres monogr\u00e1ficos<\/strong>: el precio puede variar seg\u00fan el taller. Cer\u00e1mica 50\u20ac<\/li>\n\n\n\n<li><strong>Grupos privados<\/strong>: consultar tarjetas regalo y tipos de talleres ofertados<\/li>\n<\/ul>\n\n\n\n<h1 class=\"wp-block-heading has-text-align-center\"><strong>Inscripciones curso 2026-2027<\/strong><\/h1>\n\n\n\n<p class=\"wp-block-paragraph\">Si <strong>ya hemos confirmado tu plaza y tienes hueco asignado en nuestras clases<\/strong>, puedes rellenar el siguiente formulario y realizar el pago en el enlace que te llegar\u00e1 al correo electr\u00f3nico.<\/p>\n\n\n<div class=\"wpforms-container wpforms-container-full wpforms-block wpforms-block-87cce348-884d-42ac-bb2a-c5832047f316\" id=\"wpforms-2126\"><form id=\"wpforms-form-2126\" class=\"wpforms-validate wpforms-form wpforms-ajax-form\" data-formid=\"2126\" method=\"post\" enctype=\"multipart\/form-data\" action=\"\/index.php?rest_route=%2Fwp%2Fv2%2Fpages%2F1641\" data-token=\"442cf09699761eb6aeac3e3196843d7d\" data-token-time=\"1788643652\"><noscript class=\"wpforms-error-noscript\">Por favor, activa JavaScript en tu navegador para completar este formulario.<\/noscript><div class=\"wpforms-field-container\"><div id=\"wpforms-2126-field_0-container\" class=\"wpforms-field wpforms-field-name\" data-field-id=\"0\"><label class=\"wpforms-field-label\">Nombre <span class=\"wpforms-required-label\">*<\/span><\/label><div class=\"wpforms-field-row wpforms-field-medium\"><div class=\"wpforms-field-row-block wpforms-first wpforms-one-half\"><input type=\"text\" id=\"wpforms-2126-field_0\" class=\"wpforms-field-name-first wpforms-field-required\" name=\"wpforms[fields][0][first]\" required><label for=\"wpforms-2126-field_0\" class=\"wpforms-field-sublabel after\">Nombre<\/label><\/div><div class=\"wpforms-field-row-block wpforms-one-half\"><input type=\"text\" id=\"wpforms-2126-field_0-last\" class=\"wpforms-field-name-last wpforms-field-required\" name=\"wpforms[fields][0][last]\" required><label for=\"wpforms-2126-field_0-last\" class=\"wpforms-field-sublabel after\">Apellidos<\/label><\/div><\/div><\/div><div id=\"wpforms-2126-field_1-container\" class=\"wpforms-field wpforms-field-email\" data-field-id=\"1\"><label class=\"wpforms-field-label\" for=\"wpforms-2126-field_1\">Correo electr\u00f3nico <span class=\"wpforms-required-label\">*<\/span><\/label><input type=\"email\" id=\"wpforms-2126-field_1\" class=\"wpforms-field-medium wpforms-field-required\" name=\"wpforms[fields][1]\" spellcheck=\"false\" required><\/div><div id=\"wpforms-2126-field_2-container\" class=\"wpforms-field wpforms-field-textarea\" data-field-id=\"2\"><label class=\"wpforms-field-label\" for=\"wpforms-2126-field_2\">Horario en el que hemos reservado tu plaza <span class=\"wpforms-required-label\">*<\/span><\/label><textarea id=\"wpforms-2126-field_2\" class=\"wpforms-field-medium wpforms-field-required\" name=\"wpforms[fields][2]\" required><\/textarea><\/div><div id=\"wpforms-2126-field_5-container\" class=\"wpforms-field wpforms-field-checkbox\" data-field-id=\"5\"><label class=\"wpforms-field-label\">Consentimiento de protecci\u00f3n de datos (LOPD) <span class=\"wpforms-required-label\">*<\/span><\/label><ul id=\"wpforms-2126-field_5\" class=\"wpforms-field-required\"><li class=\"choice-1 depth-1\"><input type=\"checkbox\" id=\"wpforms-2126-field_5_1\" name=\"wpforms[fields][5][]\" value=\"S\u00ed, acepto\" required ><label class=\"wpforms-field-label-inline\" for=\"wpforms-2126-field_5_1\">S\u00ed, acepto<\/label><\/li><li class=\"choice-2 depth-1\"><input type=\"checkbox\" id=\"wpforms-2126-field_5_2\" name=\"wpforms[fields][5][]\" value=\"No acepto\" required ><label class=\"wpforms-field-label-inline\" for=\"wpforms-2126-field_5_2\">No acepto<\/label><\/li><\/ul><div class=\"wpforms-field-description\">La Creativa te informa sobre su Pol\u00edtica de Privacidad respecto del tratamiento y protecci\u00f3n de los datos de car\u00e1cter personal de los usuarios y clientes que puedan ser recabados por la navegaci\u00f3n o contrataci\u00f3n de servicios a trav\u00e9s del sitio Web. En este sentido, La Creativa garantiza el cumplimiento de la normativa vigente en materia de protecci\u00f3n de datos personales, reflejada en la Ley Org\u00e1nica 3\/2018, de 5 de diciembre, de Protecci\u00f3n de Datos Personales y de Garant\u00eda de Derechos Digitales (LOPD GDD). Cumple tambi\u00e9n con el Reglamento (UE) 2016\/679 del Parlamento Europeo y del Consejo de 27 de abril de 2016 relativo a la protecci\u00f3n de las personas f\u00edsicas (RGPD).El uso de sitio Web implica la aceptaci\u00f3n de esta Pol\u00edtica de Privacidad as\u00ed como las condiciones incluidas en el Aviso Legal.<\/div><\/div><\/div><!-- .wpforms-field-container --><div class=\"wpforms-submit-container\" ><input type=\"hidden\" name=\"wpforms[id]\" value=\"2126\"><input type=\"hidden\" name=\"page_title\" value=\"\"><input type=\"hidden\" name=\"page_url\" value=\"https:\/\/lacreativacasadearte.es\/index.php?rest_route=\/wp\/v2\/pages\/1641\"><input type=\"hidden\" name=\"url_referer\" value=\"\"><button type=\"submit\" name=\"wpforms[submit]\" id=\"wpforms-submit-2126\" class=\"wpforms-submit\" data-alt-text=\"Enviando...\" data-submit-text=\"\u00a1Me apunto!\" aria-live=\"assertive\" value=\"wpforms-submit\">\u00a1Me apunto!<\/button><img loading=\"lazy\" decoding=\"async\" src=\"https:\/\/lacreativacasadearte.es\/wp-content\/plugins\/wpforms-lite\/assets\/images\/submit-spin.svg\" class=\"wpforms-submit-spinner\" style=\"display: none;\" width=\"26\" height=\"26\" alt=\"Cargando\"><\/div><\/form><\/div>  <!-- .wpforms-container -->\n\n\n<h2 class=\"wp-block-heading has-text-align-center\"><strong>\u00a1\u00a1Importante!! Si la inscripci\u00f3n y el pago no se hacen entre el 1 y el 5 de septiembre, se entender\u00e1 que no se est\u00e1 interesado en ocupar la plaza y por tanto esta quedar\u00e1 libre.<\/strong><\/h2>\n\n\n<div class=\"wp-block-image\">\n<figure class=\"aligncenter is-resized\"><img loading=\"lazy\" decoding=\"async\" width=\"1058\" height=\"1346\" src=\"https:\/\/lacreativacasadearte.es\/wp-content\/uploads\/2026\/08\/97546-1.jpg\" alt=\"\" class=\"wp-image-2145\" style=\"aspect-ratio:0.7860391496864418;width:266px;height:auto\" srcset=\"https:\/\/lacreativacasadearte.es\/wp-content\/uploads\/2026\/08\/97546-1.jpg 1058w, https:\/\/lacreativacasadearte.es\/wp-content\/uploads\/2026\/08\/97546-1-236x300.jpg 236w, https:\/\/lacreativacasadearte.es\/wp-content\/uploads\/2026\/08\/97546-1-805x1024.jpg 805w, https:\/\/lacreativacasadearte.es\/wp-content\/uploads\/2026\/08\/97546-1-768x977.jpg 768w\" sizes=\"auto, (max-width: 1058px) 100vw, 1058px\" \/><figcaption class=\"wp-element-caption\">Pieza de clases regulares de cer\u00e1mica Alumno: Rub\u00e9n Chumillas<\/figcaption><\/figure>\n<\/div>\n\n\n<h1 class=\"wp-block-heading has-text-align-center\"><strong>Lista de espera para clases regulares<\/strong><\/h1>\n\n\n\n<p class=\"wp-block-paragraph\">Si est\u00e1s interesada\/o en asistir a nuestras clases regulares, puedes inscribirte en nuestra lista de espera y te avisaremos cuando haya un hueco en el horario de tu preferencia:<\/p>\n\n\n<div class=\"wpforms-container wpforms-container-full wpforms-block wpforms-block-828f0ac4-ef8f-4fd3-b398-09f62a3e30d4\" id=\"wpforms-2134\"><form id=\"wpforms-form-2134\" class=\"wpforms-validate wpforms-form wpforms-ajax-form\" data-formid=\"2134\" method=\"post\" enctype=\"multipart\/form-data\" action=\"\/index.php?rest_route=%2Fwp%2Fv2%2Fpages%2F1641\" data-token=\"df760c9a765be9a5048898d8fe42c394\" data-token-time=\"1788643652\"><noscript class=\"wpforms-error-noscript\">Por favor, activa JavaScript en tu navegador para completar este formulario.<\/noscript><div class=\"wpforms-field-container\"><div id=\"wpforms-2134-field_0-container\" class=\"wpforms-field wpforms-field-name\" data-field-id=\"0\"><label class=\"wpforms-field-label\">Nombre <span class=\"wpforms-required-label\">*<\/span><\/label><div class=\"wpforms-field-row wpforms-field-medium\"><div class=\"wpforms-field-row-block wpforms-first wpforms-one-half\"><input type=\"text\" id=\"wpforms-2134-field_0\" class=\"wpforms-field-name-first wpforms-field-required\" name=\"wpforms[fields][0][first]\" required><label for=\"wpforms-2134-field_0\" class=\"wpforms-field-sublabel after\">Nombre<\/label><\/div><div class=\"wpforms-field-row-block wpforms-one-half\"><input type=\"text\" id=\"wpforms-2134-field_0-last\" class=\"wpforms-field-name-last wpforms-field-required\" name=\"wpforms[fields][0][last]\" required><label for=\"wpforms-2134-field_0-last\" class=\"wpforms-field-sublabel after\">Apellidos<\/label><\/div><\/div><\/div><div id=\"wpforms-2134-field_1-container\" class=\"wpforms-field wpforms-field-email\" data-field-id=\"1\"><label class=\"wpforms-field-label\" for=\"wpforms-2134-field_1\">Correo electr\u00f3nico <span class=\"wpforms-required-label\">*<\/span><\/label><input type=\"email\" id=\"wpforms-2134-field_1\" class=\"wpforms-field-medium wpforms-field-required\" name=\"wpforms[fields][1]\" spellcheck=\"false\" required><\/div><div id=\"wpforms-2134-field_12-container\" class=\"wpforms-field wpforms-field-number\" data-field-id=\"12\"><label class=\"wpforms-field-label\" for=\"wpforms-2134-field_12\">N\u00famero de tel\u00e9fono (te avisaremos por Whatsapp) <span class=\"wpforms-required-label\">*<\/span><\/label><input type=\"number\" id=\"wpforms-2134-field_12\" class=\"wpforms-field-medium wpforms-field-required\" name=\"wpforms[fields][12]\" step=\"any\" required><\/div><div id=\"wpforms-2134-field_16-container\" class=\"wpforms-field wpforms-field-checkbox\" data-field-id=\"16\"><label class=\"wpforms-field-label\">Te interesan las clases de&#8230; <span class=\"wpforms-required-label\">*<\/span><\/label><ul id=\"wpforms-2134-field_16\" class=\"wpforms-field-required\"><li class=\"choice-4 depth-1\"><input type=\"checkbox\" id=\"wpforms-2134-field_16_4\" name=\"wpforms[fields][16][]\" value=\"Cer\u00e1mica\" required ><label class=\"wpforms-field-label-inline\" for=\"wpforms-2134-field_16_4\">Cer\u00e1mica<\/label><\/li><li class=\"choice-3 depth-1\"><input type=\"checkbox\" id=\"wpforms-2134-field_16_3\" name=\"wpforms[fields][16][]\" value=\"Bordado contempor\u00e1neo\" required ><label class=\"wpforms-field-label-inline\" for=\"wpforms-2134-field_16_3\">Bordado contempor\u00e1neo<\/label><\/li><\/ul><\/div><div id=\"wpforms-2134-field_13-container\" class=\"wpforms-field wpforms-field-checkbox\" data-field-id=\"13\"><label class=\"wpforms-field-label\">Selecciona los horarios de tu preferencia para cer\u00e1mica<\/label><ul id=\"wpforms-2134-field_13\"><li class=\"choice-1 depth-1\"><input type=\"checkbox\" id=\"wpforms-2134-field_13_1\" name=\"wpforms[fields][13][]\" value=\"Lunes de 16:00h.-18:00h.\"  ><label class=\"wpforms-field-label-inline\" for=\"wpforms-2134-field_13_1\">Lunes de 16:00h.-18:00h.<\/label><\/li><li class=\"choice-2 depth-1\"><input type=\"checkbox\" id=\"wpforms-2134-field_13_2\" name=\"wpforms[fields][13][]\" value=\"Lunes de 18:00h.- 20:00h.\"  ><label class=\"wpforms-field-label-inline\" for=\"wpforms-2134-field_13_2\">Lunes de 18:00h.- 20:00h.<\/label><\/li><li class=\"choice-3 depth-1\"><input type=\"checkbox\" id=\"wpforms-2134-field_13_3\" name=\"wpforms[fields][13][]\" value=\"Martes 10:00h.-12:00h.\"  ><label class=\"wpforms-field-label-inline\" for=\"wpforms-2134-field_13_3\">Martes 10:00h.-12:00h.<\/label><\/li><li class=\"choice-4 depth-1\"><input type=\"checkbox\" id=\"wpforms-2134-field_13_4\" name=\"wpforms[fields][13][]\" value=\"Martes de 16:00h.-18:00h.\"  ><label class=\"wpforms-field-label-inline\" for=\"wpforms-2134-field_13_4\">Martes de 16:00h.-18:00h.<\/label><\/li><li class=\"choice-6 depth-1\"><input type=\"checkbox\" id=\"wpforms-2134-field_13_6\" name=\"wpforms[fields][13][]\" value=\"Martes de de 18:00h.- 20:00h.\"  ><label class=\"wpforms-field-label-inline\" for=\"wpforms-2134-field_13_6\">Martes de de 18:00h.- 20:00h.<\/label><\/li><li class=\"choice-10 depth-1\"><input type=\"checkbox\" id=\"wpforms-2134-field_13_10\" name=\"wpforms[fields][13][]\" value=\"Mi\u00e9rcoles de 11:00-13:00h.\"  ><label class=\"wpforms-field-label-inline\" for=\"wpforms-2134-field_13_10\">Mi\u00e9rcoles de 11:00-13:00h.<\/label><\/li><li class=\"choice-5 depth-1\"><input type=\"checkbox\" id=\"wpforms-2134-field_13_5\" name=\"wpforms[fields][13][]\" value=\"Mi\u00e9rcoles 19:00h.-21:00h.\"  ><label class=\"wpforms-field-label-inline\" for=\"wpforms-2134-field_13_5\">Mi\u00e9rcoles 19:00h.-21:00h.<\/label><\/li><li class=\"choice-11 depth-1\"><input type=\"checkbox\" id=\"wpforms-2134-field_13_11\" name=\"wpforms[fields][13][]\" value=\"Jueves de 16:00h.-18:00h.\"  ><label class=\"wpforms-field-label-inline\" for=\"wpforms-2134-field_13_11\">Jueves de 16:00h.-18:00h.<\/label><\/li><li class=\"choice-7 depth-1\"><input type=\"checkbox\" id=\"wpforms-2134-field_13_7\" name=\"wpforms[fields][13][]\" value=\"Jueves de de 18:00h.- 20:00h.\"  ><label class=\"wpforms-field-label-inline\" for=\"wpforms-2134-field_13_7\">Jueves de de 18:00h.- 20:00h.<\/label><\/li><\/ul><div class=\"wpforms-field-description\">Las clases de cer\u00e1mica se desarrollan a trav\u00e9s de t\u00e9cnicas de modelado. No interviene maquinaria como torno de alfarero. Trabajamos con barro blanco (loza) de baja temperatura. Los materiales y cocciones est\u00e1n incluidos. La mensualidad son 60\u20ac. Las clases NO se recuperan.\nGrupo de 8 personas.<\/div><\/div><div id=\"wpforms-2134-field_17-container\" class=\"wpforms-field wpforms-field-checkbox\" data-field-id=\"17\"><label class=\"wpforms-field-label\">\u00danico horario para clases de bordado contempor\u00e1neo<\/label><ul id=\"wpforms-2134-field_17\"><li class=\"choice-1 depth-1\"><input type=\"checkbox\" id=\"wpforms-2134-field_17_1\" name=\"wpforms[fields][17][]\" value=\"Mi\u00e9rcoles de 17:00-19:00h.\"  ><label class=\"wpforms-field-label-inline\" for=\"wpforms-2134-field_17_1\">Mi\u00e9rcoles de 17:00-19:00h.<\/label><\/li><\/ul><div class=\"wpforms-field-description\">Las clases de bordado se desarrollan a trav\u00e9s de t\u00e9cnicas tradicionales combinadas con t\u00e9cnicas actuales de bordado. Las clases combinan la ense\u00f1anza de puntos con proyectos de bordado de diferentes niveles. El precio son 45\u20ac al mes. Incluye un kit de inicio para adentrarte en el bordado desde cero: aguja, dos madejas de hilo, bastidor y tela. Hay materiales para compartir. El resto de materiales no est\u00e1n incluidos. \n\nGrupo de 8 personas.<\/div><\/div><div id=\"wpforms-2134-field_5-container\" class=\"wpforms-field wpforms-field-checkbox\" data-field-id=\"5\"><label class=\"wpforms-field-label\">Consentimiento de protecci\u00f3n de datos (LOPD) <span class=\"wpforms-required-label\">*<\/span><\/label><ul id=\"wpforms-2134-field_5\" class=\"wpforms-field-required\"><li class=\"choice-1 depth-1\"><input type=\"checkbox\" id=\"wpforms-2134-field_5_1\" name=\"wpforms[fields][5][]\" value=\"S\u00ed, acepto\" required ><label class=\"wpforms-field-label-inline\" for=\"wpforms-2134-field_5_1\">S\u00ed, acepto<\/label><\/li><li class=\"choice-2 depth-1\"><input type=\"checkbox\" id=\"wpforms-2134-field_5_2\" name=\"wpforms[fields][5][]\" value=\"No acepto\" required ><label class=\"wpforms-field-label-inline\" for=\"wpforms-2134-field_5_2\">No acepto<\/label><\/li><\/ul><div class=\"wpforms-field-description\">La Creativa te informa sobre su Pol\u00edtica de Privacidad respecto del tratamiento y protecci\u00f3n de los datos de car\u00e1cter personal de los usuarios y clientes que puedan ser recabados por la navegaci\u00f3n o contrataci\u00f3n de servicios a trav\u00e9s del sitio Web. En este sentido, La Creativa garantiza el cumplimiento de la normativa vigente en materia de protecci\u00f3n de datos personales, reflejada en la Ley Org\u00e1nica 3\/2018, de 5 de diciembre, de Protecci\u00f3n de Datos Personales y de Garant\u00eda de Derechos Digitales (LOPD GDD). Cumple tambi\u00e9n con el Reglamento (UE) 2016\/679 del Parlamento Europeo y del Consejo de 27 de abril de 2016 relativo a la protecci\u00f3n de las personas f\u00edsicas (RGPD).El uso de sitio Web implica la aceptaci\u00f3n de esta Pol\u00edtica de Privacidad as\u00ed como las condiciones incluidas en el Aviso Legal.<\/div><\/div><\/div><!-- .wpforms-field-container --><div class=\"wpforms-submit-container\" ><input type=\"hidden\" name=\"wpforms[id]\" value=\"2134\"><input type=\"hidden\" name=\"page_title\" value=\"\"><input type=\"hidden\" name=\"page_url\" value=\"https:\/\/lacreativacasadearte.es\/index.php?rest_route=\/wp\/v2\/pages\/1641\"><input type=\"hidden\" name=\"url_referer\" value=\"\"><button type=\"submit\" name=\"wpforms[submit]\" id=\"wpforms-submit-2134\" class=\"wpforms-submit\" data-alt-text=\"Enviando...\" data-submit-text=\"\u00a1Me apunto!\" aria-live=\"assertive\" value=\"wpforms-submit\">\u00a1Me apunto!<\/button><img loading=\"lazy\" decoding=\"async\" src=\"https:\/\/lacreativacasadearte.es\/wp-content\/plugins\/wpforms-lite\/assets\/images\/submit-spin.svg\" class=\"wpforms-submit-spinner\" style=\"display: none;\" width=\"26\" height=\"26\" alt=\"Cargando\"><\/div><\/form><\/div>  <!-- .wpforms-container -->\n\n\n<figure class=\"wp-block-gallery has-nested-images columns-default is-cropped wp-block-gallery-3 is-layout-flex wp-block-gallery-is-layout-flex\">\n<figure class=\"wp-block-image size-large\"><img loading=\"lazy\" decoding=\"async\" width=\"1024\" height=\"576\" data-id=\"2148\" src=\"https:\/\/lacreativacasadearte.es\/wp-content\/uploads\/2026\/08\/79084-1-1024x576.jpg\" alt=\"\" class=\"wp-image-2148\" srcset=\"https:\/\/lacreativacasadearte.es\/wp-content\/uploads\/2026\/08\/79084-1-1024x576.jpg 1024w, https:\/\/lacreativacasadearte.es\/wp-content\/uploads\/2026\/08\/79084-1-300x169.jpg 300w, https:\/\/lacreativacasadearte.es\/wp-content\/uploads\/2026\/08\/79084-1-768x432.jpg 768w, https:\/\/lacreativacasadearte.es\/wp-content\/uploads\/2026\/08\/79084-1-1110x624.jpg 1110w, https:\/\/lacreativacasadearte.es\/wp-content\/uploads\/2026\/08\/79084-1-528x297.jpg 528w, https:\/\/lacreativacasadearte.es\/wp-content\/uploads\/2026\/08\/79084-1.jpg 1129w\" sizes=\"auto, (max-width: 1024px) 100vw, 1024px\" \/><figcaption class=\"wp-element-caption\">Clases regulares de bordado contempor\u00e1neo <br>Alumna:Alba Gonz\u00e1lez<\/figcaption><\/figure>\n<\/figure>\n\n\n\n<h1 class=\"wp-block-heading has-text-align-center\">&nbsp;&nbsp;&nbsp;<strong>Talleres privados<\/strong><\/h1>\n\n\n\n<figure class=\"wp-block-image size-large\"><img loading=\"lazy\" decoding=\"async\" width=\"1024\" height=\"724\" src=\"https:\/\/lacreativacasadearte.es\/wp-content\/uploads\/2025\/09\/1-1024x724.png\" alt=\"\" class=\"wp-image-1889\" srcset=\"https:\/\/lacreativacasadearte.es\/wp-content\/uploads\/2025\/09\/1-1024x724.png 1024w, https:\/\/lacreativacasadearte.es\/wp-content\/uploads\/2025\/09\/1-300x212.png 300w, https:\/\/lacreativacasadearte.es\/wp-content\/uploads\/2025\/09\/1-768x543.png 768w, https:\/\/lacreativacasadearte.es\/wp-content\/uploads\/2025\/09\/1-1536x1086.png 1536w, https:\/\/lacreativacasadearte.es\/wp-content\/uploads\/2025\/09\/1-600x424.png 600w, https:\/\/lacreativacasadearte.es\/wp-content\/uploads\/2025\/09\/1.png 2000w\" sizes=\"auto, (max-width: 1024px) 100vw, 1024px\" \/><\/figure>\n\n\n\n<p class=\"wp-block-paragraph\">Pod\u00e9is pasar un rato diferente creando en familia o con amigos. Cerraremos una fecha entre todos y podr\u00e9is venir a La Creativa a hacer un taller de cer\u00e1mica o de bordado. Siempre invitamos a un desayuno o merienda en la que incluimos dulces y t\u00e9 y caf\u00e9.<\/p>\n\n\n\n<p class=\"wp-block-paragraph\">Establecemos un precio m\u00ednimo para poder cerrar el taller seg\u00fan la tem\u00e1tica. Os dejamos los precios a continuaci\u00f3n:<\/p>\n\n\n\n<ul class=\"wp-block-list\">\n<li><strong>Bordado<\/strong>: tarifa m\u00ednima (270\u20ac) o a partir de 6 personas 45\u20ac por persona. Incluye materiales y picoteo<\/li>\n\n\n\n<li><strong>Cer\u00e1mica<\/strong>: tarifa m\u00ednima (300\u20ac) o a partir de 6 personas 50\u20ac por persona. Incluye materiales y picoteo<\/li>\n\n\n\n<li><strong>Ideal para<\/strong>: Familias, amigos o celebraciones especiales. Tambi\u00e9n <em>teambuilding<\/em><\/li>\n<\/ul>\n\n\n\n<p class=\"wp-block-paragraph\">* Se pueden realizar tarjetas regalo que se pueden canjear durante un a\u00f1o. Puedes recogerla en  nuestra sede f\u00edsica en Albacete. <\/p>\n\n\n\n<h1 class=\"wp-block-heading has-text-align-center\"><strong>Talleres monogr\u00e1ficos<\/strong><\/h1>\n\n\n<div class=\"wp-block-image\">\n<figure class=\"aligncenter size-large\"><img loading=\"lazy\" decoding=\"async\" width=\"1024\" height=\"724\" src=\"https:\/\/lacreativacasadearte.es\/wp-content\/uploads\/2025\/09\/2-1024x724.png\" alt=\"\" class=\"wp-image-1885\" srcset=\"https:\/\/lacreativacasadearte.es\/wp-content\/uploads\/2025\/09\/2-1024x724.png 1024w, https:\/\/lacreativacasadearte.es\/wp-content\/uploads\/2025\/09\/2-300x212.png 300w, https:\/\/lacreativacasadearte.es\/wp-content\/uploads\/2025\/09\/2-768x543.png 768w, https:\/\/lacreativacasadearte.es\/wp-content\/uploads\/2025\/09\/2-1536x1086.png 1536w, https:\/\/lacreativacasadearte.es\/wp-content\/uploads\/2025\/09\/2-600x424.png 600w, https:\/\/lacreativacasadearte.es\/wp-content\/uploads\/2025\/09\/2.png 2000w\" sizes=\"auto, (max-width: 1024px) 100vw, 1024px\" \/><\/figure>\n<\/div>\n\n\n<p class=\"wp-block-paragraph\">Puedes consultar todos los talleres monogr\u00e1ficos <a data-type=\"link\" data-id=\"https:\/\/lacreativacasadearte.es\/?post_type=tribe_events\" href=\"https:\/\/lacreativacasadearte.es\/?post_type=tribe_events\">aqu\u00ed<\/a><\/p>\n\n\n\n<h3 class=\"wp-block-heading has-text-align-center\">Inscripciones para clases regulares y m\u00e1s informaci\u00f3n en <strong><a href=\"mailto:lacreativa.casadearte@gmail.com\">lacreativa.casadearte@gmail.com<\/a><\/strong> o al 608848498<\/h3>\n\n\n\n<p class=\"wp-block-paragraph\"><\/p>\n","protected":false},"excerpt":{"rendered":"<p>Aqu\u00ed podr\u00e1s conocer nuestro espacio y la modalidad de clases y talleres que desarrollamos en La Creativa. En este espacio encontrar\u00e1s toda la informaci\u00f3n sobre clases regulares, talleres monogr\u00e1ficos de [&hellip;]<\/p>\n","protected":false},"author":1,"featured_media":0,"parent":0,"menu_order":0,"comment_status":"closed","ping_status":"closed","template":"","meta":{"footnotes":""},"class_list":["post-1641","page","type-page","status-publish","czr-hentry"],"aioseo_notices":[],"aioseo_head":"\n\t\t<!-- All in One SEO 5.0.1.1 - aioseo.com -->\n\t<meta name=\"description\" content=\"Aqu\u00ed podr\u00e1s conocer nuestro espacio y la modalidad de clases y talleres que desarrollamos en La Creativa. En este espacio encontrar\u00e1s toda la informaci\u00f3n sobre clases regulares, talleres monogr\u00e1ficos de fin de semana y talleres privados. Nuestro espacio Clases regulares Curso 2026-2027 Clases regulares de cer\u00e1mica: 60\u20ac al mes (2h. a la semana) Clases regulares\" \/>\n\t<meta name=\"robots\" content=\"max-image-preview:large\" \/>\n\t<link rel=\"canonical\" href=\"https:\/\/lacreativacasadearte.es\/?page_id=1641\" \/>\n\t<meta name=\"generator\" content=\"All in One SEO (AIOSEO) 5.0.1.1\" \/>\n\t\t<meta property=\"og:locale\" content=\"es_ES\" \/>\n\t\t<meta property=\"og:site_name\" content=\"La Creativa  - cursos y talleres en Albacete\" \/>\n\t\t<meta property=\"og:type\" content=\"article\" \/>\n\t\t<meta property=\"og:title\" content=\"Nuestras clases, nuestros talleres - La Creativa\" \/>\n\t\t<meta property=\"og:description\" content=\"Aqu\u00ed podr\u00e1s conocer nuestro espacio y la modalidad de clases y talleres que desarrollamos en La Creativa. En este espacio encontrar\u00e1s toda la informaci\u00f3n sobre clases regulares, talleres monogr\u00e1ficos de fin de semana y talleres privados. Nuestro espacio Clases regulares Curso 2026-2027 Clases regulares de cer\u00e1mica: 60\u20ac al mes (2h. a la semana) Clases regulares\" \/>\n\t\t<meta property=\"og:url\" content=\"https:\/\/lacreativacasadearte.es\/?page_id=1641\" \/>\n\t\t<meta property=\"og:image\" content=\"https:\/\/lacreativacasadearte.es\/wp-content\/uploads\/2023\/08\/cropped-cropped-pajaro-con-espacio-blanco-y-fondo-transparente.png\" \/>\n\t\t<meta property=\"og:image:secure_url\" content=\"https:\/\/lacreativacasadearte.es\/wp-content\/uploads\/2023\/08\/cropped-cropped-pajaro-con-espacio-blanco-y-fondo-transparente.png\" \/>\n\t\t<meta property=\"article:published_time\" content=\"2024-12-04T17:00:10+00:00\" \/>\n\t\t<meta property=\"article:modified_time\" content=\"2026-08-27T10:56:12+00:00\" \/>\n\t\t<meta name=\"twitter:card\" content=\"summary_large_image\" \/>\n\t\t<meta name=\"twitter:title\" content=\"Nuestras clases, nuestros talleres - La Creativa\" \/>\n\t\t<meta name=\"twitter:description\" content=\"Aqu\u00ed podr\u00e1s conocer nuestro espacio y la modalidad de clases y talleres que desarrollamos en La Creativa. En este espacio encontrar\u00e1s toda la informaci\u00f3n sobre clases regulares, talleres monogr\u00e1ficos de fin de semana y talleres privados. Nuestro espacio Clases regulares Curso 2026-2027 Clases regulares de cer\u00e1mica: 60\u20ac al mes (2h. a la semana) Clases regulares\" \/>\n\t\t<meta name=\"twitter:image\" content=\"https:\/\/lacreativacasadearte.es\/wp-content\/uploads\/2023\/08\/cropped-cropped-pajaro-con-espacio-blanco-y-fondo-transparente.png\" \/>\n\t\t<script type=\"application\/ld+json\" class=\"aioseo-schema\">\n\t\t\t{\"@context\":\"https:\\\/\\\/schema.org\",\"@graph\":[{\"@type\":\"BreadcrumbList\",\"@id\":\"https:\\\/\\\/lacreativacasadearte.es\\\/?page_id=1641#breadcrumblist\",\"itemListElement\":[{\"@type\":\"ListItem\",\"@id\":\"https:\\\/\\\/lacreativacasadearte.es#listItem\",\"position\":1,\"name\":\"Home\",\"item\":\"https:\\\/\\\/lacreativacasadearte.es\",\"nextItem\":{\"@type\":\"ListItem\",\"@id\":\"https:\\\/\\\/lacreativacasadearte.es\\\/?page_id=1641#listItem\",\"name\":\"Nuestras clases, nuestros talleres\"}},{\"@type\":\"ListItem\",\"@id\":\"https:\\\/\\\/lacreativacasadearte.es\\\/?page_id=1641#listItem\",\"position\":2,\"name\":\"Nuestras clases, nuestros talleres\",\"previousItem\":{\"@type\":\"ListItem\",\"@id\":\"https:\\\/\\\/lacreativacasadearte.es#listItem\",\"name\":\"Home\"}}]},{\"@type\":\"Organization\",\"@id\":\"https:\\\/\\\/lacreativacasadearte.es\\\/#organization\",\"name\":\"La Creativa\",\"description\":\"cursos y talleres en Albacete\",\"url\":\"https:\\\/\\\/lacreativacasadearte.es\\\/\",\"logo\":{\"@type\":\"ImageObject\",\"url\":\"https:\\\/\\\/lacreativacasadearte.es\\\/wp-content\\\/uploads\\\/2023\\\/08\\\/cropped-cropped-pajaro-con-espacio-blanco-y-fondo-transparente.png\",\"@id\":\"https:\\\/\\\/lacreativacasadearte.es\\\/?page_id=1641\\\/#organizationLogo\",\"width\":1275,\"height\":1021},\"image\":{\"@id\":\"https:\\\/\\\/lacreativacasadearte.es\\\/?page_id=1641\\\/#organizationLogo\"}},{\"@type\":\"WebPage\",\"@id\":\"https:\\\/\\\/lacreativacasadearte.es\\\/?page_id=1641#webpage\",\"url\":\"https:\\\/\\\/lacreativacasadearte.es\\\/?page_id=1641\",\"name\":\"Nuestras clases, nuestros talleres - La Creativa\",\"description\":\"Aqu\\u00ed podr\\u00e1s conocer nuestro espacio y la modalidad de clases y talleres que desarrollamos en La Creativa. En este espacio encontrar\\u00e1s toda la informaci\\u00f3n sobre clases regulares, talleres monogr\\u00e1ficos de fin de semana y talleres privados. Nuestro espacio Clases regulares Curso 2026-2027 Clases regulares de cer\\u00e1mica: 60\\u20ac al mes (2h. a la semana) Clases regulares\",\"inLanguage\":\"es-ES\",\"isPartOf\":{\"@id\":\"https:\\\/\\\/lacreativacasadearte.es\\\/#website\"},\"breadcrumb\":{\"@id\":\"https:\\\/\\\/lacreativacasadearte.es\\\/?page_id=1641#breadcrumblist\"},\"datePublished\":\"2024-12-04T17:00:10+00:00\",\"dateModified\":\"2026-08-27T10:56:12+00:00\"},{\"@type\":\"WebSite\",\"@id\":\"https:\\\/\\\/lacreativacasadearte.es\\\/#website\",\"url\":\"https:\\\/\\\/lacreativacasadearte.es\\\/\",\"name\":\"La Creativa\",\"description\":\"cursos y talleres en Albacete\",\"inLanguage\":\"es-ES\",\"publisher\":{\"@id\":\"https:\\\/\\\/lacreativacasadearte.es\\\/#organization\"}}]}\n\t\t<\/script>\n\t\t<!-- All in One SEO -->\n\n","aioseo_head_json":{"title":"Nuestras clases, nuestros talleres - La Creativa","description":"Aqu\u00ed podr\u00e1s conocer nuestro espacio y la modalidad de clases y talleres que desarrollamos en La Creativa. En este espacio encontrar\u00e1s toda la informaci\u00f3n sobre clases regulares, talleres monogr\u00e1ficos de fin de semana y talleres privados. Nuestro espacio Clases regulares Curso 2026-2027 Clases regulares de cer\u00e1mica: 60\u20ac al mes (2h. a la semana) Clases regulares","canonical_url":"https:\/\/lacreativacasadearte.es\/?page_id=1641","robots":"max-image-preview:large","keywords":"","webmasterTools":{"miscellaneous":""},"schema":{"@context":"https:\/\/schema.org","@graph":[{"@type":"BreadcrumbList","@id":"https:\/\/lacreativacasadearte.es\/?page_id=1641#breadcrumblist","itemListElement":[{"@type":"ListItem","@id":"https:\/\/lacreativacasadearte.es#listItem","position":1,"name":"Home","item":"https:\/\/lacreativacasadearte.es","nextItem":{"@type":"ListItem","@id":"https:\/\/lacreativacasadearte.es\/?page_id=1641#listItem","name":"Nuestras clases, nuestros talleres"}},{"@type":"ListItem","@id":"https:\/\/lacreativacasadearte.es\/?page_id=1641#listItem","position":2,"name":"Nuestras clases, nuestros talleres","previousItem":{"@type":"ListItem","@id":"https:\/\/lacreativacasadearte.es#listItem","name":"Home"}}]},{"@type":"Organization","@id":"https:\/\/lacreativacasadearte.es\/#organization","name":"La Creativa","description":"cursos y talleres en Albacete","url":"https:\/\/lacreativacasadearte.es\/","logo":{"@type":"ImageObject","url":"https:\/\/lacreativacasadearte.es\/wp-content\/uploads\/2023\/08\/cropped-cropped-pajaro-con-espacio-blanco-y-fondo-transparente.png","@id":"https:\/\/lacreativacasadearte.es\/?page_id=1641\/#organizationLogo","width":1275,"height":1021},"image":{"@id":"https:\/\/lacreativacasadearte.es\/?page_id=1641\/#organizationLogo"}},{"@type":"WebPage","@id":"https:\/\/lacreativacasadearte.es\/?page_id=1641#webpage","url":"https:\/\/lacreativacasadearte.es\/?page_id=1641","name":"Nuestras clases, nuestros talleres - La Creativa","description":"Aqu\u00ed podr\u00e1s conocer nuestro espacio y la modalidad de clases y talleres que desarrollamos en La Creativa. En este espacio encontrar\u00e1s toda la informaci\u00f3n sobre clases regulares, talleres monogr\u00e1ficos de fin de semana y talleres privados. Nuestro espacio Clases regulares Curso 2026-2027 Clases regulares de cer\u00e1mica: 60\u20ac al mes (2h. a la semana) Clases regulares","inLanguage":"es-ES","isPartOf":{"@id":"https:\/\/lacreativacasadearte.es\/#website"},"breadcrumb":{"@id":"https:\/\/lacreativacasadearte.es\/?page_id=1641#breadcrumblist"},"datePublished":"2024-12-04T17:00:10+00:00","dateModified":"2026-08-27T10:56:12+00:00"},{"@type":"WebSite","@id":"https:\/\/lacreativacasadearte.es\/#website","url":"https:\/\/lacreativacasadearte.es\/","name":"La Creativa","description":"cursos y talleres en Albacete","inLanguage":"es-ES","publisher":{"@id":"https:\/\/lacreativacasadearte.es\/#organization"}}]},"og:locale":"es_ES","og:site_name":"La Creativa  - cursos y talleres en Albacete","og:type":"article","og:title":"Nuestras clases, nuestros talleres - La Creativa","og:description":"Aqu\u00ed podr\u00e1s conocer nuestro espacio y la modalidad de clases y talleres que desarrollamos en La Creativa. En este espacio encontrar\u00e1s toda la informaci\u00f3n sobre clases regulares, talleres monogr\u00e1ficos de fin de semana y talleres privados. Nuestro espacio Clases regulares Curso 2026-2027 Clases regulares de cer\u00e1mica: 60\u20ac al mes (2h. a la semana) Clases regulares","og:url":"https:\/\/lacreativacasadearte.es\/?page_id=1641","og:image":"https:\/\/lacreativacasadearte.es\/wp-content\/uploads\/2023\/08\/cropped-cropped-pajaro-con-espacio-blanco-y-fondo-transparente.png","og:image:secure_url":"https:\/\/lacreativacasadearte.es\/wp-content\/uploads\/2023\/08\/cropped-cropped-pajaro-con-espacio-blanco-y-fondo-transparente.png","article:published_time":"2024-12-04T17:00:10+00:00","article:modified_time":"2026-08-27T10:56:12+00:00","twitter:card":"summary_large_image","twitter:title":"Nuestras clases, nuestros talleres - La Creativa","twitter:description":"Aqu\u00ed podr\u00e1s conocer nuestro espacio y la modalidad de clases y talleres que desarrollamos en La Creativa. En este espacio encontrar\u00e1s toda la informaci\u00f3n sobre clases regulares, talleres monogr\u00e1ficos de fin de semana y talleres privados. Nuestro espacio Clases regulares Curso 2026-2027 Clases regulares de cer\u00e1mica: 60\u20ac al mes (2h. a la semana) Clases regulares","twitter:image":"https:\/\/lacreativacasadearte.es\/wp-content\/uploads\/2023\/08\/cropped-cropped-pajaro-con-espacio-blanco-y-fondo-transparente.png"},"aioseo_meta_data":{"post_id":"1641","title":null,"description":null,"keywords":null,"keyphrases":{"focus":{"keyphrase":"","score":0,"analysis":{"keyphraseInTitle":{"score":0,"maxScore":9,"error":1}}},"additional":[]},"primary_term":null,"canonical_url":null,"og_title":null,"og_description":null,"og_object_type":"default","og_image_type":"default","og_image_url":null,"og_image_width":null,"og_image_height":null,"og_image_custom_url":null,"og_image_custom_fields":null,"og_video":"","og_custom_url":null,"og_article_section":null,"og_article_tags":null,"twitter_use_og":false,"twitter_card":"default","twitter_image_type":"default","twitter_image_url":null,"twitter_image_custom_url":null,"twitter_image_custom_fields":null,"twitter_title":null,"twitter_description":null,"schema":{"blockGraphs":[],"customGraphs":[],"default":{"data":{"Article":[],"Course":[],"Dataset":[],"FAQPage":[],"Movie":[],"Person":[],"Product":[],"ProductReview":[],"Car":[],"Recipe":[],"Service":[],"SoftwareApplication":[],"WebPage":[]},"graphName":"WebPage","isEnabled":true},"graphs":[]},"schema_type":"default","schema_type_options":null,"pillar_content":false,"robots_default":true,"robots_noindex":false,"robots_noarchive":false,"robots_nosnippet":false,"robots_nofollow":false,"robots_noimageindex":false,"robots_noodp":false,"robots_notranslate":false,"robots_max_snippet":"-1","robots_max_videopreview":"-1","robots_max_imagepreview":"large","priority":null,"frequency":"default","local_seo":null,"breadcrumb_settings":null,"limit_modified_date":false,"ai":{"faqs":[],"keyPoints":[],"schemas":[],"titles":[],"descriptions":[],"socialPosts":{"email":{"subject":"","preview":"","content":""},"linkedin":[],"twitter":[],"facebook":[],"instagram":[]}},"created":"2025-02-07 11:12:17","updated":"2026-08-27 11:29:28","seo_analyzer_scan_date":null,"focus_keyword":null,"additional_keywords":null,"truseo_locale":null},"aioseo_breadcrumb":"<div class=\"aioseo-breadcrumbs\"><span class=\"aioseo-breadcrumb\">\n\t\t\t<a href=\"https:\/\/lacreativacasadearte.es\" title=\"Home\">Home<\/a>\n\t\t<\/span><span class=\"aioseo-breadcrumb-separator\">&raquo;<\/span><span class=\"aioseo-breadcrumb\">\n\t\t\tNuestras clases, nuestros talleres\n\t\t<\/span><\/div>","aioseo_breadcrumb_json":[{"label":"Home","link":"https:\/\/lacreativacasadearte.es"},{"label":"Nuestras clases, nuestros talleres","link":"https:\/\/lacreativacasadearte.es\/?page_id=1641"}],"_links":{"self":[{"href":"https:\/\/lacreativacasadearte.es\/index.php?rest_route=\/wp\/v2\/pages\/1641","targetHints":{"allow":["GET"]}}],"collection":[{"href":"https:\/\/lacreativacasadearte.es\/index.php?rest_route=\/wp\/v2\/pages"}],"about":[{"href":"https:\/\/lacreativacasadearte.es\/index.php?rest_route=\/wp\/v2\/types\/page"}],"author":[{"embeddable":true,"href":"https:\/\/lacreativacasadearte.es\/index.php?rest_route=\/wp\/v2\/users\/1"}],"replies":[{"embeddable":true,"href":"https:\/\/lacreativacasadearte.es\/index.php?rest_route=%2Fwp%2Fv2%2Fcomments&post=1641"}],"version-history":[{"count":29,"href":"https:\/\/lacreativacasadearte.es\/index.php?rest_route=\/wp\/v2\/pages\/1641\/revisions"}],"predecessor-version":[{"id":2168,"href":"https:\/\/lacreativacasadearte.es\/index.php?rest_route=\/wp\/v2\/pages\/1641\/revisions\/2168"}],"wp:attachment":[{"href":"https:\/\/lacreativacasadearte.es\/index.php?rest_route=%2Fwp%2Fv2%2Fmedia&parent=1641"}],"curies":[{"name":"wp","href":"https:\/\/api.w.org\/{rel}","templated":true}]}}