{"id":1217,"date":"2023-11-02T10:15:13","date_gmt":"2023-11-02T10:15:13","guid":{"rendered":"https:\/\/lacreativacasadearte.es\/?page_id=1217"},"modified":"2026-08-20T21:28:33","modified_gmt":"2026-08-20T21:28:33","slug":"preguntas-frecuentes","status":"publish","type":"page","link":"https:\/\/lacreativacasadearte.es\/?page_id=1217","title":{"rendered":"Preguntas frecuentes"},"content":{"rendered":"\n<h3 class=\"wp-block-heading\">\u00bfC\u00f3mo puedo reservar mi plaza?<\/h3>\n\n\n\n<p class=\"wp-block-paragraph\">Si quieres asistir a<strong> clases regulares<\/strong>, es necesario que te pongas en contacto con nosotras para confirmar que hay hueco y los horarios. Para ello, puedes escribirnos al 608848498 y te confirmamos si hay plazas disponibles o no. Tambi\u00e9n puedes inscribirte en nuestra <a href=\"https:\/\/lacreativacasadearte.es\/?page_id=1641\" title=\"Nuestras clases, nuestros talleres\">lista de espera<\/a> y te avisaremos cuando quede una plaza libre.<\/p>\n\n\n\n<p class=\"wp-block-paragraph\">Para reservar tu plaza en los <strong>talleres monogr\u00e1ficos<\/strong>, es necesario que cumplimentes el formulario que encontrar\u00e1s debajo de la descripci\u00f3n del taller al que quieres apuntarte, en el apartado <a href=\"https:\/\/lacreativacasadearte.es\/?post_type=tribe_events\" title=\"eventos\">eventos<\/a>. Cuando cliques en enviar, te llegar\u00e1 un correo electr\u00f3nico al email con el que te hayas inscrito con el enlace de pago para reservar tu plaza. Si en un plazo de 24h no se ha efectuado el pago, se entender\u00e1 que no hay inter\u00e9s en asistir al taller y la plaza quedar\u00e1 libre. \u00a1Revisa spam! a veces van ah\u00ed.<\/p>\n\n\n\n<p class=\"wp-block-paragraph\"><\/p>\n\n\n\n<h3 class=\"wp-block-heading\">\u00bfDevolv\u00e9is el dinero?<\/h3>\n\n\n\n<p class=\"wp-block-paragraph\"><strong>NO<\/strong> devolvemos el dinero en las clases regulares.<\/p>\n\n\n\n<p class=\"wp-block-paragraph\">En el caso de los <strong>talleres monogr\u00e1ficos<\/strong>: solo devolvemos el dinero si la persona avisa <strong>con al menos tres d\u00edas de antelaci\u00f3n<\/strong> para poder volver a publicar esa plaza. Si no se avisa con esta antelaci\u00f3n, no podremos devolver el dinero. Contamos con muchos profesores que vienen de fuera de Albacete y ellos tambi\u00e9n cuentan con un ingreso concreto del taller que van a impartir, compran materiales con antelaci\u00f3n y tienen gastos que deben cubrir, as\u00ed que no es cuesti\u00f3n de enriquecernos, sino de ser justos con el trabajo de los profesionales que imparten los talleres. Te agradecemos mucho la comprensi\u00f3n.<\/p>\n\n\n\n<p class=\"wp-block-paragraph\"><strong>S\u00cd devolvemos el dinero<\/strong> <strong>si la cancelaci\u00f3n del taller es por nuestra parte<\/strong><\/p>\n\n\n\n<p class=\"wp-block-paragraph\"><\/p>\n\n\n\n<h3 class=\"wp-block-heading\">\u00bfPuedo reservar m\u00e1s de una plaza?<\/h3>\n\n\n\n<p class=\"wp-block-paragraph\">S\u00ed, por supuesto. Puedes regalar el taller a quien t\u00fa quieras, solo tienes que indicarlo en los comentarios o escribirnos un correo electr\u00f3nico. Tambi\u00e9n puedes pagar m\u00e1s de una plaza realizando el pago tantas veces como plazas quieras reservar, indicando en cada caso el nombre de quienes vayan a asistir al taller.<\/p>\n\n\n\n<p class=\"wp-block-paragraph\">Hacemos <strong>tarjetas regalo<\/strong>, as\u00ed que puedes ped\u00edrnosla y te la enviaremos con el nombre de la persona a quien quieras regalarle el taller. Tambi\u00e9n la tenemos tarjetas f\u00edsicas en nuestro espacio en Albacete.<\/p>\n\n\n\n<h3 class=\"wp-block-heading\">\u00bfHac\u00e9is talleres a medida?<\/h3>\n\n\n\n<p class=\"wp-block-paragraph\">S\u00ed, claro. Si sois un grupo que vais a celebrar un cumplea\u00f1os, una reuni\u00f3n de amigas, una despedida de soltera, etc. comun\u00edcanoslo y haremos un taller que se ajuste a tu gusto o al del grupo. <\/p>\n\n\n\n<p class=\"wp-block-paragraph\">Puedes ampliar la informaci\u00f3n sobre talleres privados <a href=\"https:\/\/lacreativacasadearte.es\/?page_id=1641\" title=\"Nuestras clases, nuestros talleres\">aqu\u00ed<\/a>.<\/p>\n\n\n\n<h3 class=\"wp-block-heading\">\u00bfD\u00f3nde se desarrollan los talleres?<\/h3>\n\n\n\n<p class=\"wp-block-paragraph\">Estamos en Albacete, en Plaza de la Catedral, n\u00ba3, junto al Museo de la Cuchiller\u00eda.<\/p>\n\n\n\n<h3 class=\"wp-block-heading\">\u00bfSe pueden recuperar las clases?<\/h3>\n\n\n\n<p class=\"wp-block-paragraph\">NO. No podemos dar la opci\u00f3n de recuperar clases. Somos un espacio peque\u00f1o y limitamos el n\u00famero de alumnos a 8 por grupo. Los grupos suelen estar completos y no queremos que est\u00e9is apretadas. Nos gusta que veng\u00e1is a relajaros y a disfrutar.<\/p>\n\n\n\n<h3 class=\"wp-block-heading\">\u00bfSe pueden pagar clases sueltas?<\/h3>\n\n\n\n<p class=\"wp-block-paragraph\">No, no podemos dar esa opci\u00f3n por una sencilla raz\u00f3n: la cer\u00e1mica es una artesan\u00eda compleja y muy laboriosa. Detr\u00e1s de cada pieza hay mucho trabajo. No solo el tuyo, que modelas una pieza con tanto esfuerzo, sino adem\u00e1s unas cuantas horas de secado, otras tantas de horneado y unas pocas de esmaltado. Todo esto se traduce en muchas horas de trabajo por parte del profesorado, que tiene que poner muchos hornos y esmaltar muchas piezas. As\u00ed, para valorar el trabajo artesano y el nuestro como profesionales, no podemos ofrecer una sola clase, necesitamos que vengas un mes para conocer con m\u00e1s profundidad el maravilloso mundo de la cer\u00e1mica. <\/p>\n\n\n\n<h3 class=\"wp-block-heading\">\u00bfSe puede pagar medio mes?<\/h3>\n\n\n\n<p class=\"wp-block-paragraph\">No. Solo se pagar\u00e1 medio mes cuando La Creativa lo decida. Estos momentos se limitan a algunas fiestas como la Navidad, la Feria o el final de curso. Durante el curso y en meses normales se abonar\u00e1 el mes completo.<\/p>\n","protected":false},"excerpt":{"rendered":"<p>\u00bfC\u00f3mo puedo reservar mi plaza? Si quieres asistir a clases regulares, es necesario que te pongas en contacto con nosotras para confirmar que hay hueco y los horarios. Para ello, [&hellip;]<\/p>\n","protected":false},"author":1,"featured_media":0,"parent":0,"menu_order":0,"comment_status":"closed","ping_status":"closed","template":"","meta":{"footnotes":""},"class_list":["post-1217","page","type-page","status-publish","czr-hentry"],"aioseo_notices":[],"aioseo_head":"\n\t\t<!-- All in One SEO 5.0.1.1 - aioseo.com -->\n\t<meta name=\"description\" content=\"\u00bfC\u00f3mo puedo reservar mi plaza? Si quieres asistir a clases regulares, es necesario que te pongas en contacto con nosotras para confirmar que hay hueco y los horarios. Para ello, puedes escribirnos al 608848498 y te confirmamos si hay plazas disponibles o no. Tambi\u00e9n puedes inscribirte en nuestra lista de espera y te avisaremos cuando\" \/>\n\t<meta name=\"robots\" content=\"max-image-preview:large\" \/>\n\t<link rel=\"canonical\" href=\"https:\/\/lacreativacasadearte.es\/?page_id=1217\" \/>\n\t<meta name=\"generator\" content=\"All in One SEO (AIOSEO) 5.0.1.1\" \/>\n\t\t<meta property=\"og:locale\" content=\"es_ES\" \/>\n\t\t<meta property=\"og:site_name\" content=\"La Creativa  - cursos y talleres en Albacete\" \/>\n\t\t<meta property=\"og:type\" content=\"article\" \/>\n\t\t<meta property=\"og:title\" content=\"Preguntas frecuentes - La Creativa\" \/>\n\t\t<meta property=\"og:description\" content=\"\u00bfC\u00f3mo puedo reservar mi plaza? Si quieres asistir a clases regulares, es necesario que te pongas en contacto con nosotras para confirmar que hay hueco y los horarios. Para ello, puedes escribirnos al 608848498 y te confirmamos si hay plazas disponibles o no. Tambi\u00e9n puedes inscribirte en nuestra lista de espera y te avisaremos cuando\" \/>\n\t\t<meta property=\"og:url\" content=\"https:\/\/lacreativacasadearte.es\/?page_id=1217\" \/>\n\t\t<meta property=\"og:image\" content=\"https:\/\/lacreativacasadearte.es\/wp-content\/uploads\/2023\/08\/cropped-cropped-pajaro-con-espacio-blanco-y-fondo-transparente.png\" \/>\n\t\t<meta property=\"og:image:secure_url\" content=\"https:\/\/lacreativacasadearte.es\/wp-content\/uploads\/2023\/08\/cropped-cropped-pajaro-con-espacio-blanco-y-fondo-transparente.png\" \/>\n\t\t<meta property=\"article:published_time\" content=\"2023-11-02T10:15:13+00:00\" \/>\n\t\t<meta property=\"article:modified_time\" content=\"2026-08-20T21:28:33+00:00\" \/>\n\t\t<meta name=\"twitter:card\" content=\"summary_large_image\" \/>\n\t\t<meta name=\"twitter:title\" content=\"Preguntas frecuentes - La Creativa\" \/>\n\t\t<meta name=\"twitter:description\" content=\"\u00bfC\u00f3mo puedo reservar mi plaza? Si quieres asistir a clases regulares, es necesario que te pongas en contacto con nosotras para confirmar que hay hueco y los horarios. Para ello, puedes escribirnos al 608848498 y te confirmamos si hay plazas disponibles o no. Tambi\u00e9n puedes inscribirte en nuestra lista de espera y te avisaremos cuando\" \/>\n\t\t<meta name=\"twitter:image\" content=\"https:\/\/lacreativacasadearte.es\/wp-content\/uploads\/2023\/08\/cropped-cropped-pajaro-con-espacio-blanco-y-fondo-transparente.png\" \/>\n\t\t<script type=\"application\/ld+json\" class=\"aioseo-schema\">\n\t\t\t{\"@context\":\"https:\\\/\\\/schema.org\",\"@graph\":[{\"@type\":\"BreadcrumbList\",\"@id\":\"https:\\\/\\\/lacreativacasadearte.es\\\/?page_id=1217#breadcrumblist\",\"itemListElement\":[{\"@type\":\"ListItem\",\"@id\":\"https:\\\/\\\/lacreativacasadearte.es#listItem\",\"position\":1,\"name\":\"Home\",\"item\":\"https:\\\/\\\/lacreativacasadearte.es\",\"nextItem\":{\"@type\":\"ListItem\",\"@id\":\"https:\\\/\\\/lacreativacasadearte.es\\\/?page_id=1217#listItem\",\"name\":\"Preguntas frecuentes\"}},{\"@type\":\"ListItem\",\"@id\":\"https:\\\/\\\/lacreativacasadearte.es\\\/?page_id=1217#listItem\",\"position\":2,\"name\":\"Preguntas frecuentes\",\"previousItem\":{\"@type\":\"ListItem\",\"@id\":\"https:\\\/\\\/lacreativacasadearte.es#listItem\",\"name\":\"Home\"}}]},{\"@type\":\"Organization\",\"@id\":\"https:\\\/\\\/lacreativacasadearte.es\\\/#organization\",\"name\":\"La Creativa\",\"description\":\"cursos y talleres en Albacete\",\"url\":\"https:\\\/\\\/lacreativacasadearte.es\\\/\",\"logo\":{\"@type\":\"ImageObject\",\"url\":\"https:\\\/\\\/lacreativacasadearte.es\\\/wp-content\\\/uploads\\\/2023\\\/08\\\/cropped-cropped-pajaro-con-espacio-blanco-y-fondo-transparente.png\",\"@id\":\"https:\\\/\\\/lacreativacasadearte.es\\\/?page_id=1217\\\/#organizationLogo\",\"width\":1275,\"height\":1021},\"image\":{\"@id\":\"https:\\\/\\\/lacreativacasadearte.es\\\/?page_id=1217\\\/#organizationLogo\"}},{\"@type\":\"WebPage\",\"@id\":\"https:\\\/\\\/lacreativacasadearte.es\\\/?page_id=1217#webpage\",\"url\":\"https:\\\/\\\/lacreativacasadearte.es\\\/?page_id=1217\",\"name\":\"Preguntas frecuentes - La Creativa\",\"description\":\"\\u00bfC\\u00f3mo puedo reservar mi plaza? Si quieres asistir a clases regulares, es necesario que te pongas en contacto con nosotras para confirmar que hay hueco y los horarios. Para ello, puedes escribirnos al 608848498 y te confirmamos si hay plazas disponibles o no. Tambi\\u00e9n puedes inscribirte en nuestra lista de espera y te avisaremos cuando\",\"inLanguage\":\"es-ES\",\"isPartOf\":{\"@id\":\"https:\\\/\\\/lacreativacasadearte.es\\\/#website\"},\"breadcrumb\":{\"@id\":\"https:\\\/\\\/lacreativacasadearte.es\\\/?page_id=1217#breadcrumblist\"},\"datePublished\":\"2023-11-02T10:15:13+00:00\",\"dateModified\":\"2026-08-20T21:28:33+00:00\"},{\"@type\":\"WebSite\",\"@id\":\"https:\\\/\\\/lacreativacasadearte.es\\\/#website\",\"url\":\"https:\\\/\\\/lacreativacasadearte.es\\\/\",\"name\":\"La Creativa\",\"description\":\"cursos y talleres en Albacete\",\"inLanguage\":\"es-ES\",\"publisher\":{\"@id\":\"https:\\\/\\\/lacreativacasadearte.es\\\/#organization\"}}]}\n\t\t<\/script>\n\t\t<!-- All in One SEO -->\n\n","aioseo_head_json":{"title":"Preguntas frecuentes - La Creativa","description":"\u00bfC\u00f3mo puedo reservar mi plaza? Si quieres asistir a clases regulares, es necesario que te pongas en contacto con nosotras para confirmar que hay hueco y los horarios. Para ello, puedes escribirnos al 608848498 y te confirmamos si hay plazas disponibles o no. Tambi\u00e9n puedes inscribirte en nuestra lista de espera y te avisaremos cuando","canonical_url":"https:\/\/lacreativacasadearte.es\/?page_id=1217","robots":"max-image-preview:large","keywords":"","webmasterTools":{"miscellaneous":""},"schema":{"@context":"https:\/\/schema.org","@graph":[{"@type":"BreadcrumbList","@id":"https:\/\/lacreativacasadearte.es\/?page_id=1217#breadcrumblist","itemListElement":[{"@type":"ListItem","@id":"https:\/\/lacreativacasadearte.es#listItem","position":1,"name":"Home","item":"https:\/\/lacreativacasadearte.es","nextItem":{"@type":"ListItem","@id":"https:\/\/lacreativacasadearte.es\/?page_id=1217#listItem","name":"Preguntas frecuentes"}},{"@type":"ListItem","@id":"https:\/\/lacreativacasadearte.es\/?page_id=1217#listItem","position":2,"name":"Preguntas frecuentes","previousItem":{"@type":"ListItem","@id":"https:\/\/lacreativacasadearte.es#listItem","name":"Home"}}]},{"@type":"Organization","@id":"https:\/\/lacreativacasadearte.es\/#organization","name":"La Creativa","description":"cursos y talleres en Albacete","url":"https:\/\/lacreativacasadearte.es\/","logo":{"@type":"ImageObject","url":"https:\/\/lacreativacasadearte.es\/wp-content\/uploads\/2023\/08\/cropped-cropped-pajaro-con-espacio-blanco-y-fondo-transparente.png","@id":"https:\/\/lacreativacasadearte.es\/?page_id=1217\/#organizationLogo","width":1275,"height":1021},"image":{"@id":"https:\/\/lacreativacasadearte.es\/?page_id=1217\/#organizationLogo"}},{"@type":"WebPage","@id":"https:\/\/lacreativacasadearte.es\/?page_id=1217#webpage","url":"https:\/\/lacreativacasadearte.es\/?page_id=1217","name":"Preguntas frecuentes - La Creativa","description":"\u00bfC\u00f3mo puedo reservar mi plaza? Si quieres asistir a clases regulares, es necesario que te pongas en contacto con nosotras para confirmar que hay hueco y los horarios. Para ello, puedes escribirnos al 608848498 y te confirmamos si hay plazas disponibles o no. Tambi\u00e9n puedes inscribirte en nuestra lista de espera y te avisaremos cuando","inLanguage":"es-ES","isPartOf":{"@id":"https:\/\/lacreativacasadearte.es\/#website"},"breadcrumb":{"@id":"https:\/\/lacreativacasadearte.es\/?page_id=1217#breadcrumblist"},"datePublished":"2023-11-02T10:15:13+00:00","dateModified":"2026-08-20T21:28:33+00:00"},{"@type":"WebSite","@id":"https:\/\/lacreativacasadearte.es\/#website","url":"https:\/\/lacreativacasadearte.es\/","name":"La Creativa","description":"cursos y talleres en Albacete","inLanguage":"es-ES","publisher":{"@id":"https:\/\/lacreativacasadearte.es\/#organization"}}]},"og:locale":"es_ES","og:site_name":"La Creativa  - cursos y talleres en Albacete","og:type":"article","og:title":"Preguntas frecuentes - La Creativa","og:description":"\u00bfC\u00f3mo puedo reservar mi plaza? Si quieres asistir a clases regulares, es necesario que te pongas en contacto con nosotras para confirmar que hay hueco y los horarios. Para ello, puedes escribirnos al 608848498 y te confirmamos si hay plazas disponibles o no. Tambi\u00e9n puedes inscribirte en nuestra lista de espera y te avisaremos cuando","og:url":"https:\/\/lacreativacasadearte.es\/?page_id=1217","og:image":"https:\/\/lacreativacasadearte.es\/wp-content\/uploads\/2023\/08\/cropped-cropped-pajaro-con-espacio-blanco-y-fondo-transparente.png","og:image:secure_url":"https:\/\/lacreativacasadearte.es\/wp-content\/uploads\/2023\/08\/cropped-cropped-pajaro-con-espacio-blanco-y-fondo-transparente.png","article:published_time":"2023-11-02T10:15:13+00:00","article:modified_time":"2026-08-20T21:28:33+00:00","twitter:card":"summary_large_image","twitter:title":"Preguntas frecuentes - La Creativa","twitter:description":"\u00bfC\u00f3mo puedo reservar mi plaza? Si quieres asistir a clases regulares, es necesario que te pongas en contacto con nosotras para confirmar que hay hueco y los horarios. Para ello, puedes escribirnos al 608848498 y te confirmamos si hay plazas disponibles o no. Tambi\u00e9n puedes inscribirte en nuestra lista de espera y te avisaremos cuando","twitter:image":"https:\/\/lacreativacasadearte.es\/wp-content\/uploads\/2023\/08\/cropped-cropped-pajaro-con-espacio-blanco-y-fondo-transparente.png"},"aioseo_meta_data":{"post_id":"1217","title":null,"description":null,"keywords":null,"keyphrases":{"focus":{"keyphrase":"","score":0,"analysis":{"keyphraseInTitle":{"score":0,"maxScore":9,"error":1}}},"additional":[]},"primary_term":null,"canonical_url":null,"og_title":null,"og_description":null,"og_object_type":"default","og_image_type":"default","og_image_url":null,"og_image_width":null,"og_image_height":null,"og_image_custom_url":null,"og_image_custom_fields":null,"og_video":"","og_custom_url":null,"og_article_section":null,"og_article_tags":null,"twitter_use_og":false,"twitter_card":"default","twitter_image_type":"default","twitter_image_url":null,"twitter_image_custom_url":null,"twitter_image_custom_fields":null,"twitter_title":null,"twitter_description":null,"schema":{"blockGraphs":[],"customGraphs":[],"default":{"data":{"Article":[],"Course":[],"Dataset":[],"FAQPage":[],"Movie":[],"Person":[],"Product":[],"ProductReview":[],"Car":[],"Recipe":[],"Service":[],"SoftwareApplication":[],"WebPage":[]},"graphName":"WebPage","isEnabled":true},"graphs":[]},"schema_type":"default","schema_type_options":null,"pillar_content":false,"robots_default":true,"robots_noindex":false,"robots_noarchive":false,"robots_nosnippet":false,"robots_nofollow":false,"robots_noimageindex":false,"robots_noodp":false,"robots_notranslate":false,"robots_max_snippet":"-1","robots_max_videopreview":"-1","robots_max_imagepreview":"large","priority":null,"frequency":"default","local_seo":null,"breadcrumb_settings":null,"limit_modified_date":false,"ai":{"faqs":[],"keyPoints":[],"schemas":[],"titles":[],"descriptions":[],"socialPosts":{"email":{"subject":"","preview":"","content":""},"linkedin":[],"twitter":[],"facebook":[],"instagram":[]}},"created":"2025-02-07 11:11:24","updated":"2026-08-20 21:32:03","seo_analyzer_scan_date":null,"focus_keyword":null,"additional_keywords":null,"truseo_locale":null},"aioseo_breadcrumb":"<div class=\"aioseo-breadcrumbs\"><span class=\"aioseo-breadcrumb\">\n\t\t\t<a href=\"https:\/\/lacreativacasadearte.es\" title=\"Home\">Home<\/a>\n\t\t<\/span><span class=\"aioseo-breadcrumb-separator\">&raquo;<\/span><span class=\"aioseo-breadcrumb\">\n\t\t\tPreguntas frecuentes\n\t\t<\/span><\/div>","aioseo_breadcrumb_json":[{"label":"Home","link":"https:\/\/lacreativacasadearte.es"},{"label":"Preguntas frecuentes","link":"https:\/\/lacreativacasadearte.es\/?page_id=1217"}],"_links":{"self":[{"href":"https:\/\/lacreativacasadearte.es\/index.php?rest_route=\/wp\/v2\/pages\/1217","targetHints":{"allow":["GET"]}}],"collection":[{"href":"https:\/\/lacreativacasadearte.es\/index.php?rest_route=\/wp\/v2\/pages"}],"about":[{"href":"https:\/\/lacreativacasadearte.es\/index.php?rest_route=\/wp\/v2\/types\/page"}],"author":[{"embeddable":true,"href":"https:\/\/lacreativacasadearte.es\/index.php?rest_route=\/wp\/v2\/users\/1"}],"replies":[{"embeddable":true,"href":"https:\/\/lacreativacasadearte.es\/index.php?rest_route=%2Fwp%2Fv2%2Fcomments&post=1217"}],"version-history":[{"count":3,"href":"https:\/\/lacreativacasadearte.es\/index.php?rest_route=\/wp\/v2\/pages\/1217\/revisions"}],"predecessor-version":[{"id":2164,"href":"https:\/\/lacreativacasadearte.es\/index.php?rest_route=\/wp\/v2\/pages\/1217\/revisions\/2164"}],"wp:attachment":[{"href":"https:\/\/lacreativacasadearte.es\/index.php?rest_route=%2Fwp%2Fv2%2Fmedia&parent=1217"}],"curies":[{"name":"wp","href":"https:\/\/api.w.org\/{rel}","templated":true}]}}